{"id":2373,"date":"2020-06-01T17:06:57","date_gmt":"2020-06-01T17:06:57","guid":{"rendered":"https:\/\/escuelalibrejardindelsol.cl\/?page_id=2373"},"modified":"2026-01-08T19:31:02","modified_gmt":"2026-01-08T19:31:02","slug":"donar-becas","status":"publish","type":"page","link":"https:\/\/escuelalibrejardindelsol.cl\/pt\/donar-becas\/","title":{"rendered":"Donar"},"content":{"rendered":"<p style=\"text-align: center;\" data-start=\"146\" data-end=\"214\">\u2728 <strong data-start=\"148\" data-end=\"210\">Invitaci\u00f3n a ser parte del cambio con Fundaci\u00f3n Desarrollo<\/strong> \u2728<\/p>\n<p data-start=\"216\" data-end=\"551\">En la <strong data-start=\"222\" data-end=\"246\">Fundaci\u00f3n Desarrollo<\/strong> creemos que la educaci\u00f3n y el acceso a herramientas modernas son la base para construir comunidades m\u00e1s fuertes, inclusivas y con mejores oportunidades. Nuestro compromiso es acompa\u00f1ar a ni\u00f1os, j\u00f3venes, adultos y personas mayores en procesos que fortalezcan sus capacidades, su creatividad y su futuro.<\/p>\n<p data-start=\"553\" data-end=\"835\">Gracias al trabajo realizado en programas educativos, talleres art\u00edsticos, tecnol\u00f3gicos y capacitaciones, hemos logrado <strong data-start=\"673\" data-end=\"724\">impactar a m\u00e1s de 1.500 personas y sus familias<\/strong>, contribuyendo directamente a mejorar su calidad de vida y fortalecer el tejido social en nuestra comunidad.<\/p>\n<p data-start=\"837\" data-end=\"1065\">Hoy queremos dar un paso m\u00e1s: <strong data-start=\"867\" data-end=\"905\">modernizar los procesos educativos<\/strong>, integrar nuevas metodolog\u00edas, y ampliar el acceso a formaci\u00f3n y herramientas que permitan a las personas adaptarse a los desaf\u00edos del presente y del futuro.<\/p>\n<p data-start=\"1067\" data-end=\"1499\">Para lograrlo necesitamos del apoyo de donantes comprometidos con el desarrollo humano y social. Tu aporte har\u00e1 posible:<br \/>\n<br data-start=\"1187\" data-end=\"1190\" \/>\u2705 Ampliar el acceso a educaci\u00f3n art\u00edstica y tecnol\u00f3gica para ni\u00f1os, j\u00f3venes y adultos.<br data-start=\"1276\" data-end=\"1279\" \/>\u2705 Reducir la brecha digital en personas mayores.<br data-start=\"1327\" data-end=\"1330\" \/>\u2705 Fortalecer la formaci\u00f3n de l\u00edderes comunitarios y agentes de cambio.<br data-start=\"1400\" data-end=\"1403\" \/>\u2705 Multiplicar el impacto a miles de familias que necesitan oportunidades reales de desarrollo.<br \/>\n\u2705Apoyar a artista y gestores(as) en el territorio.<\/p>\n<p>\ud83d\ude4c Te invitamos a ser parte de esta transformaci\u00f3n. Con tu apoyo, podemos seguir construyendo una comunidad m\u00e1s justa, creativa y preparada para los desaf\u00edos del futuro.<\/p>\n<p style=\"text-align: center;\"><strong><br \/>\nIngresa a esta Plataforma Segura de Donaci\u00f3n\u00a0<\/strong><\/p>\n<p><strong style=\"text-align: center;\"><a href=\"http:\/\/link.mercadopago.cl\/fundaciondesarrollo\" target=\"_blank\" rel=\"noopener\"><img loading=\"lazy\" decoding=\"async\" class=\"aligncenter wp-image-15171 size-medium\" src=\"https:\/\/escuelalibrejardindelsol.cl\/wp-content\/uploads\/2023\/07\/logo-web-pay-plus-1024x460-2-300x135.png\" alt=\"\" width=\"300\" height=\"135\" srcset=\"https:\/\/escuelalibrejardindelsol.cl\/wp-content\/uploads\/2023\/07\/logo-web-pay-plus-1024x460-2-300x135.png 300w, https:\/\/escuelalibrejardindelsol.cl\/wp-content\/uploads\/2023\/07\/logo-web-pay-plus-1024x460-2-768x345.png 768w, https:\/\/escuelalibrejardindelsol.cl\/wp-content\/uploads\/2023\/07\/logo-web-pay-plus-1024x460-2-100x45.png 100w, https:\/\/escuelalibrejardindelsol.cl\/wp-content\/uploads\/2023\/07\/logo-web-pay-plus-1024x460-2-600x270.png 600w, https:\/\/escuelalibrejardindelsol.cl\/wp-content\/uploads\/2023\/07\/logo-web-pay-plus-1024x460-2.png 1024w\" sizes=\"auto, (max-width: 300px) 100vw, 300px\" \/><\/a><\/strong><\/p>\n<p style=\"text-align: center;\"><b>Donaciones internacionales (D\u00f3lares)<\/b><br \/>\n<a style=\"font-weight: bold;\" href=\"https:\/\/www.paypal.com\/donate\/?hosted_button_id=AZQCDGWBSFFBC\"><img loading=\"lazy\" decoding=\"async\" class=\"size-medium wp-image-15060 aligncenter\" src=\"https:\/\/escuelalibrejardindelsol.cl\/wp-content\/uploads\/2023\/07\/Proyecto-nuevo-3-300x145.png\" alt=\"\" width=\"300\" height=\"145\" srcset=\"https:\/\/escuelalibrejardindelsol.cl\/wp-content\/uploads\/2023\/07\/Proyecto-nuevo-3-300x145.png 300w, https:\/\/escuelalibrejardindelsol.cl\/wp-content\/uploads\/2023\/07\/Proyecto-nuevo-3-100x48.png 100w, https:\/\/escuelalibrejardindelsol.cl\/wp-content\/uploads\/2023\/07\/Proyecto-nuevo-3.png 560w\" sizes=\"auto, (max-width: 300px) 100vw, 300px\" \/><\/a><\/p>\n<p>&nbsp;<\/p>\n<h2 style=\"text-align: center;\"><strong>Aporta con tus conocimientos y tiempo<\/strong><\/h2>\n<p><strong>Voluntariados:\u00a0<\/strong><\/p>\n<p><span style=\"font-weight: 400;\">Marketing<\/span><\/p>\n<p><span style=\"font-weight: 400;\">Community Manager<\/span><\/p>\n<p><span style=\"font-weight: 400;\">Relacionadores(as)<\/span><\/p>\n<p><span style=\"font-weight: 400;\">Dise\u00f1adores(as) programadores(as) Web<\/span><\/p>\n<p><span style=\"font-weight: 400;\">Talleristas\u00a0<\/span><\/p>\n<p><span style=\"font-weight: 400;\">Psic\u00f3logo\/a Infantil y adolescente<\/span><\/p>\n<p>Para eso nos puedes escribir a:\u00a0 <strong>aportes@escuelalibrejardindelsol.cl o llenar el siguiente formulario:<\/strong><\/p>\n<h6 class=\"sr-only\"><strong style=\"font-size: 16px;\">\u2728 Este verano 2026, s\u00e9 parte de quienes hacen brillar el arte y la cultura en nuestra provincia. Tu a<\/strong><strong style=\"font-size: 16px;\">porte transforma la playa en un espacio vivo de expresi\u00f3n y encuentro. \ud83d\udc9b<\/strong><\/h6>\n<div class=\"text-base my-auto mx-auto pb-10 [--thread-content-margin:--spacing(4)] thread-sm:[--thread-content-margin:--spacing(6)] thread-lg:[--thread-content-margin:--spacing(16)] px-(--thread-content-margin)\">\n<div class=\"[--thread-content-max-width:40rem] thread-lg:[--thread-content-max-width:48rem] mx-auto max-w-(--thread-content-max-width) flex-1 group\/turn-messages focus-visible:outline-hidden relative flex w-full min-w-0 flex-col agent-turn\" tabindex=\"-1\">\n<div class=\"flex max-w-full flex-col grow\">\n<div class=\"min-h-8 text-message relative flex w-full flex-col items-end gap-2 text-start break-words whitespace-normal [.text-message+&amp;]:mt-1\" dir=\"auto\" data-message-author-role=\"assistant\" data-message-id=\"67fdeda4-dbf7-4ef8-8618-2f3464fda346\" data-message-model-slug=\"gpt-5\">\n<div class=\"flex w-full flex-col gap-1 empty:hidden first:pt-[1px]\">\n<div class=\"markdown prose dark:prose-invert w-full break-words light markdown-new-styling\">\n<p><img loading=\"lazy\" decoding=\"async\" class=\"wp-image-15682 alignright\" src=\"https:\/\/escuelalibrejardindelsol.cl\/wp-content\/uploads\/2025\/10\/Programa-240x300.png\" alt=\"\" width=\"224\" height=\"280\" srcset=\"https:\/\/escuelalibrejardindelsol.cl\/wp-content\/uploads\/2025\/10\/Programa-240x300.png 240w, https:\/\/escuelalibrejardindelsol.cl\/wp-content\/uploads\/2025\/10\/Programa-819x1024.png 819w, https:\/\/escuelalibrejardindelsol.cl\/wp-content\/uploads\/2025\/10\/Programa-768x960.png 768w, https:\/\/escuelalibrejardindelsol.cl\/wp-content\/uploads\/2025\/10\/Programa-80x100.png 80w, https:\/\/escuelalibrejardindelsol.cl\/wp-content\/uploads\/2025\/10\/Programa-10x12.png 10w, https:\/\/escuelalibrejardindelsol.cl\/wp-content\/uploads\/2025\/10\/Programa-600x750.png 600w, https:\/\/escuelalibrejardindelsol.cl\/wp-content\/uploads\/2025\/10\/Programa.png 1080w\" sizes=\"auto, (max-width: 224px) 100vw, 224px\" \/><\/p>\n<\/div>\n<p data-start=\"0\" data-end=\"209\" data-is-last-node=\"\" data-is-only-node=\"\">\ud83d\udc49 Colabora y haz la diferencia.<\/p>\n<\/div>\n<\/div>\n<\/div>\n<\/div>\n<\/div>\n<p>&nbsp;<\/p>\n<p style=\"text-align: center;\">GRACIAS POR PROMOVER Y APORTAR A UN MUNDO MEJOR<\/p>\n<p>&nbsp;<\/p>\n<p style=\"text-align: center;\"><strong>REALIZA TU DONACION DE FORMA SEGURA INGRESA <a href=\"http:\/\/link.mercadopago.cl\/fundaciondesarrollo\" target=\"_blank\" rel=\"noopener\">Aqu\u00ed<\/a><\/strong><\/p>\n<p><strong style=\"text-align: center;\"><a href=\"http:\/\/link.mercadopago.cl\/fundaciondesarrollo\" target=\"_blank\" rel=\"noopener\"><img loading=\"lazy\" decoding=\"async\" class=\"aligncenter wp-image-15171 size-medium\" src=\"https:\/\/escuelalibrejardindelsol.cl\/wp-content\/uploads\/2023\/07\/logo-web-pay-plus-1024x460-2-300x135.png\" alt=\"\" width=\"300\" height=\"135\" srcset=\"https:\/\/escuelalibrejardindelsol.cl\/wp-content\/uploads\/2023\/07\/logo-web-pay-plus-1024x460-2-300x135.png 300w, https:\/\/escuelalibrejardindelsol.cl\/wp-content\/uploads\/2023\/07\/logo-web-pay-plus-1024x460-2-768x345.png 768w, https:\/\/escuelalibrejardindelsol.cl\/wp-content\/uploads\/2023\/07\/logo-web-pay-plus-1024x460-2-100x45.png 100w, https:\/\/escuelalibrejardindelsol.cl\/wp-content\/uploads\/2023\/07\/logo-web-pay-plus-1024x460-2-600x270.png 600w, https:\/\/escuelalibrejardindelsol.cl\/wp-content\/uploads\/2023\/07\/logo-web-pay-plus-1024x460-2.png 1024w\" sizes=\"auto, (max-width: 300px) 100vw, 300px\" \/><\/a><\/strong><\/p>\n<p><a href=\"https:\/\/www.paypal.com\/donate\/?hosted_button_id=AZQCDGWBSFFBC\"><img loading=\"lazy\" decoding=\"async\" class=\"aligncenter wp-image-15060 size-medium\" src=\"https:\/\/escuelalibrejardindelsol.cl\/wp-content\/uploads\/2023\/07\/Proyecto-nuevo-3-300x145.png\" alt=\"\" width=\"300\" height=\"145\" srcset=\"https:\/\/escuelalibrejardindelsol.cl\/wp-content\/uploads\/2023\/07\/Proyecto-nuevo-3-300x145.png 300w, https:\/\/escuelalibrejardindelsol.cl\/wp-content\/uploads\/2023\/07\/Proyecto-nuevo-3-100x48.png 100w, https:\/\/escuelalibrejardindelsol.cl\/wp-content\/uploads\/2023\/07\/Proyecto-nuevo-3.png 560w\" sizes=\"auto, (max-width: 300px) 100vw, 300px\" \/><\/a><\/p>\n<h2><strong>Tambi\u00e9n puedes realizar transferencia o dep\u00f3sitos directos a la cuenta:<\/strong><\/h2>\n<p><strong>Instituci\u00f3n:\u00a0 \u00a0 \u00a0 \u00a0 \u00a0 \u00a0\u00a0<\/strong> Banco Estado<\/p>\n<p><strong>Nombre:<\/strong>\u00a0 \u00a0 \u00a0 \u00a0 \u00a0 \u00a0 \u00a0 \u00a0 \u00a0 \u00a0 Fundaci\u00f3n Desarrollo Humano\/a Jard\u00edn Del Sol<\/p>\n<p><strong>Rut:<\/strong>\u00a0 \u00a0 \u00a0 \u00a0 \u00a0 \u00a0 \u00a0 \u00a0 \u00a0 \u00a0 \u00a0 \u00a0 \u00a0 \u00a0 \u00a0 65.226.469-7<\/p>\n<p><strong>Cuenta Vista N\u00b0:<\/strong>\u00a0 \u00a0 \u00a025770159655<\/p>\n<p><strong>Correo:<\/strong>\u00a0 \u00a0 \u00a0 \u00a0 \u00a0 \u00a0 \u00a0 \u00a0 \u00a0 \u00a0 \u00a0 \u00a0 donaciones@escuelalibrejardindelsol.cl<\/p>\n<p>&nbsp;<\/p>\n<p><b><i>\u00a1Construimos junt@s un mundo mejor!<\/i><\/b><em><strong>\u00a0<\/strong><\/em><\/p>\n","protected":false},"excerpt":{"rendered":"<p>\u2728 Invitaci\u00f3n a ser parte del cambio con Fundaci\u00f3n Desarrollo \u2728 En la Fundaci\u00f3n Desarrollo creemos que la educaci\u00f3n y el acceso a herramientas modernas son la base para construir comunidades m\u00e1s fuertes, inclusivas y con mejores oportunidades. Nuestro compromiso es acompa\u00f1ar a ni\u00f1os, j\u00f3venes, adultos y personas mayores en procesos que fortalezcan sus capacidades, <a href=\"https:\/\/escuelalibrejardindelsol.cl\/pt\/donar-becas\/\" rel=\"nofollow\"><span class=\"sr-only\">Read more about Donar<\/span>[&hellip;]<\/a><\/p>\n","protected":false},"author":1,"featured_media":0,"parent":0,"menu_order":0,"comment_status":"closed","ping_status":"closed","template":"template-fullwidth.php","meta":{"footnotes":""},"class_list":["post-2373","page","type-page","status-publish","hentry"],"_links":{"self":[{"href":"https:\/\/escuelalibrejardindelsol.cl\/pt\/wp-json\/wp\/v2\/pages\/2373","targetHints":{"allow":["GET"]}}],"collection":[{"href":"https:\/\/escuelalibrejardindelsol.cl\/pt\/wp-json\/wp\/v2\/pages"}],"about":[{"href":"https:\/\/escuelalibrejardindelsol.cl\/pt\/wp-json\/wp\/v2\/types\/page"}],"author":[{"embeddable":true,"href":"https:\/\/escuelalibrejardindelsol.cl\/pt\/wp-json\/wp\/v2\/users\/1"}],"replies":[{"embeddable":true,"href":"https:\/\/escuelalibrejardindelsol.cl\/pt\/wp-json\/wp\/v2\/comments?post=2373"}],"version-history":[{"count":36,"href":"https:\/\/escuelalibrejardindelsol.cl\/pt\/wp-json\/wp\/v2\/pages\/2373\/revisions"}],"predecessor-version":[{"id":15702,"href":"https:\/\/escuelalibrejardindelsol.cl\/pt\/wp-json\/wp\/v2\/pages\/2373\/revisions\/15702"}],"wp:attachment":[{"href":"https:\/\/escuelalibrejardindelsol.cl\/pt\/wp-json\/wp\/v2\/media?parent=2373"}],"curies":[{"name":"wp","href":"https:\/\/api.w.org\/{rel}","templated":true}]}}