{"id":15585,"date":"2025-08-13T01:24:17","date_gmt":"2025-08-13T01:24:17","guid":{"rendered":"https:\/\/escuelalibrejardindelsol.cl\/?page_id=15585"},"modified":"2025-08-13T01:26:29","modified_gmt":"2025-08-13T01:26:29","slug":"talleres-adolescentes","status":"publish","type":"page","link":"https:\/\/escuelalibrejardindelsol.cl\/pt\/talleres-adolescentes\/","title":{"rendered":"Talleres adolescentes"},"content":{"rendered":"<h1 style=\"text-align: center;\" data-start=\"170\" data-end=\"236\"><strong data-start=\"170\" data-end=\"234\">\ud83c\udf1f \u00a1Bienvenid@! \ud83c\udf1f<\/strong><\/h1>\n<p data-start=\"238\" data-end=\"477\">Este es tu espacio para aprender, crear y crecer en un ambiente motivador y lleno de energ\u00eda positiva.<br data-start=\"340\" data-end=\"343\" \/>Tenemos talleres dise\u00f1ados especialmente para adolescentes, con temas que inspiran, desaf\u00edan y desarrollan habilidades para la vida.<\/p>\n<p data-start=\"479\" data-end=\"692\">\ud83d\udccc Aqu\u00ed encontrar\u00e1s distintas opciones: desde preparaci\u00f3n acad\u00e9mica, arte, ciencia, m\u00fasica y m\u00e1s.<br data-start=\"576\" data-end=\"579\" \/>Cada taller es una oportunidad para descubrir algo nuevo y conectarte con personas que comparten tus intereses.<\/p>\n<p data-start=\"694\" data-end=\"767\">\ud83d\udc49 <strong data-start=\"697\" data-end=\"724\">Haz clic en cada taller<\/strong> para conocer sus detalles e inscribirte.<\/p>\n<p data-start=\"694\" data-end=\"767\"><a href=\"https:\/\/escuelalibrejardindelsol.cl\/pt\/15581-2\/\"><img loading=\"lazy\" decoding=\"async\" class=\"wp-image-15586 aligncenter\" src=\"https:\/\/escuelalibrejardindelsol.cl\/wp-content\/uploads\/2025\/08\/boton-PAES-300x129.png\" alt=\"\" width=\"219\" height=\"94\" srcset=\"https:\/\/escuelalibrejardindelsol.cl\/wp-content\/uploads\/2025\/08\/boton-PAES-300x129.png 300w, https:\/\/escuelalibrejardindelsol.cl\/wp-content\/uploads\/2025\/08\/boton-PAES-100x43.png 100w, https:\/\/escuelalibrejardindelsol.cl\/wp-content\/uploads\/2025\/08\/boton-PAES-18x8.png 18w, https:\/\/escuelalibrejardindelsol.cl\/wp-content\/uploads\/2025\/08\/boton-PAES.png 472w\" sizes=\"auto, (max-width: 219px) 100vw, 219px\" \/><\/a> <a href=\"https:\/\/escuelalibrejardindelsol.cl\/pt\/taller-musica-presencial\/\"><img loading=\"lazy\" decoding=\"async\" class=\"wp-image-15587 aligncenter\" src=\"https:\/\/escuelalibrejardindelsol.cl\/wp-content\/uploads\/2025\/08\/boton-MUSICA-300x129.png\" alt=\"\" width=\"214\" height=\"92\" srcset=\"https:\/\/escuelalibrejardindelsol.cl\/wp-content\/uploads\/2025\/08\/boton-MUSICA-300x129.png 300w, https:\/\/escuelalibrejardindelsol.cl\/wp-content\/uploads\/2025\/08\/boton-MUSICA-100x43.png 100w, https:\/\/escuelalibrejardindelsol.cl\/wp-content\/uploads\/2025\/08\/boton-MUSICA-18x8.png 18w, https:\/\/escuelalibrejardindelsol.cl\/wp-content\/uploads\/2025\/08\/boton-MUSICA.png 472w\" sizes=\"auto, (max-width: 214px) 100vw, 214px\" \/><\/a><\/p>\n<p data-start=\"769\" data-end=\"885\">\n<p data-start=\"769\" data-end=\"885\">\n<p data-start=\"769\" data-end=\"885\">\ud83d\udcac <em data-start=\"772\" data-end=\"883\">Recuerda: cada nuevo aprendizaje es una puerta abierta a m\u00e1s oportunidades\u2026 \u00a1y hoy tienes muchas para elegir!<\/em><\/p>","protected":false},"excerpt":{"rendered":"<p>\ud83c\udf1f \u00a1Bienvenid@! \ud83c\udf1f Este es tu espacio para aprender, crear y crecer en un ambiente motivador y lleno de energ\u00eda positiva.Tenemos talleres dise\u00f1ados especialmente para adolescentes, con temas que inspiran, desaf\u00edan y desarrollan habilidades para la vida. \ud83d\udccc Aqu\u00ed encontrar\u00e1s distintas opciones: desde preparaci\u00f3n acad\u00e9mica, arte, ciencia, m\u00fasica y m\u00e1s.Cada taller es una oportunidad para <a href=\"https:\/\/escuelalibrejardindelsol.cl\/pt\/talleres-adolescentes\/\" rel=\"nofollow\"><span class=\"sr-only\">Read more about Talleres adolescentes<\/span>[&hellip;]<\/a><\/p>\n","protected":false},"author":1,"featured_media":0,"parent":0,"menu_order":0,"comment_status":"closed","ping_status":"closed","template":"","meta":{"footnotes":""},"class_list":["post-15585","page","type-page","status-publish","hentry"],"_links":{"self":[{"href":"https:\/\/escuelalibrejardindelsol.cl\/pt\/wp-json\/wp\/v2\/pages\/15585","targetHints":{"allow":["GET"]}}],"collection":[{"href":"https:\/\/escuelalibrejardindelsol.cl\/pt\/wp-json\/wp\/v2\/pages"}],"about":[{"href":"https:\/\/escuelalibrejardindelsol.cl\/pt\/wp-json\/wp\/v2\/types\/page"}],"author":[{"embeddable":true,"href":"https:\/\/escuelalibrejardindelsol.cl\/pt\/wp-json\/wp\/v2\/users\/1"}],"replies":[{"embeddable":true,"href":"https:\/\/escuelalibrejardindelsol.cl\/pt\/wp-json\/wp\/v2\/comments?post=15585"}],"version-history":[{"count":3,"href":"https:\/\/escuelalibrejardindelsol.cl\/pt\/wp-json\/wp\/v2\/pages\/15585\/revisions"}],"predecessor-version":[{"id":15591,"href":"https:\/\/escuelalibrejardindelsol.cl\/pt\/wp-json\/wp\/v2\/pages\/15585\/revisions\/15591"}],"wp:attachment":[{"href":"https:\/\/escuelalibrejardindelsol.cl\/pt\/wp-json\/wp\/v2\/media?parent=15585"}],"curies":[{"name":"wp","href":"https:\/\/api.w.org\/{rel}","templated":true}]}}