{"id":15464,"date":"2025-07-14T02:52:32","date_gmt":"2025-07-14T02:52:32","guid":{"rendered":"https:\/\/escuelalibrejardindelsol.cl\/?page_id=15464"},"modified":"2025-07-14T02:52:49","modified_gmt":"2025-07-14T02:52:49","slug":"15464-2","status":"publish","type":"page","link":"https:\/\/escuelalibrejardindelsol.cl\/pt\/15464-2\/","title":{"rendered":"Taller audiovisual"},"content":{"rendered":"<p>\ud83c\udfac\u2728 <strong data-start=\"240\" data-end=\"297\">\u00a1Bienvenid@ al Taller Audiovisual Infantil y Juvenil!<\/strong> \u2728\ud83c\udfac<\/p>\n<p data-start=\"236\" data-end=\"392\"><strong data-start=\"304\" data-end=\"392\">Donde crear, imaginar y contar historias se convierte en una experiencia inolvidable<\/strong><\/p>\n<p data-start=\"394\" data-end=\"638\">Si tienes entre <strong data-start=\"410\" data-end=\"425\">8 y 15 a\u00f1os<\/strong>, esta es tu oportunidad para aprender el m\u00e1gico mundo del audiovisual: c\u00e1maras, guiones, edici\u00f3n, actuaci\u00f3n, \u00a1y mucho m\u00e1s!<br data-start=\"548\" data-end=\"551\" \/>Aqu\u00ed <strong data-start=\"556\" data-end=\"579\">aprender\u00e1s haciendo<\/strong>, a trav\u00e9s del juego, la alegr\u00eda y la exploraci\u00f3n creativa.<\/p>\n<p data-start=\"645\" data-end=\"1078\">\ud83d\udcda <strong data-start=\"648\" data-end=\"677\">\u00bfQu\u00e9 incluye este taller?<\/strong><br data-start=\"677\" data-end=\"680\" \/>\u2705 <strong data-start=\"682\" data-end=\"725\">Clases semanales de 1 hora y 15 minutos<\/strong>, llenas de din\u00e1micas, desaf\u00edos y trabajo en equipo<br data-start=\"776\" data-end=\"779\" \/>\u2705 Acceso a una <strong data-start=\"794\" data-end=\"825\">plataforma educativa online<\/strong>, para seguir creando desde casa<br data-start=\"857\" data-end=\"860\" \/>\u2705 Gu\u00eda paso a paso para aprender sobre producci\u00f3n, grabaci\u00f3n, edici\u00f3n y expresi\u00f3n esc\u00e9nica<br data-start=\"950\" data-end=\"953\" \/>\u2705 Material de apoyo, desaf\u00edos creativos y seguimiento personalizado<br data-start=\"1020\" data-end=\"1023\" \/>\u2705 Un ambiente seguro, motivador y lleno de compa\u00f1erismo<\/p>\n<p data-start=\"1080\" data-end=\"1405\">\ud83d\udcf1 <strong data-start=\"1083\" data-end=\"1128\">\u00a1Solo necesitas tu celular para comenzar!<\/strong><br data-start=\"1128\" data-end=\"1131\" \/>Sin embargo, si cuentas con otros recursos como una <strong data-start=\"1183\" data-end=\"1256\">c\u00e1mara digital, notebook, micr\u00f3fonos, interfaz o programas de edici\u00f3n<\/strong>, \u00a1tambi\u00e9n podr\u00e1s integrarlos para potenciar tu aprendizaje!<br data-start=\"1316\" data-end=\"1319\" \/><em data-start=\"1319\" data-end=\"1405\">Lo importante es que tu creatividad est\u00e9 encendida\u2026 el resto, lo construimos junt@s.<\/em><\/p>\n<p data-start=\"1407\" data-end=\"1555\">\ud83c\udfa5 <strong data-start=\"1410\" data-end=\"1459\">Valor inscripci\u00f3n <\/strong>: $45.000 CLP<br data-start=\"1473\" data-end=\"1476\" \/>\ud83d\udcb0 <strong data-start=\"1479\" data-end=\"1497\">Aporte mensual<\/strong>: $65.000 CLP<br data-start=\"1511\" data-end=\"1514\" \/>\ud83d\udc67\ud83d\udc66 <strong data-start=\"1519\" data-end=\"1539\">Edad recomendada<\/strong>: de 8 a 15 a\u00f1os<\/p>\n<p data-start=\"1562\" data-end=\"1989\">\ud83c\udfaf <strong data-start=\"1565\" data-end=\"1591\">Contenidos del taller:<\/strong><br data-start=\"1591\" data-end=\"1594\" \/>\ud83d\udd39 \u00bfQu\u00e9 es el lenguaje audiovisual y c\u00f3mo se usa para contar historias?<br data-start=\"1665\" data-end=\"1668\" \/>\ud83d\udd39 Uso b\u00e1sico de c\u00e1maras y celulares para grabar<br data-start=\"1716\" data-end=\"1719\" \/>\ud83d\udd39 Creaci\u00f3n de guiones sencillos y estructuras narrativas<br data-start=\"1776\" data-end=\"1779\" \/>\ud83d\udd39 T\u00e9cnicas de encuadre, luz y sonido<br data-start=\"1816\" data-end=\"1819\" \/>\ud83d\udd39 Introducci\u00f3n a la edici\u00f3n de video con herramientas amigables<br data-start=\"1883\" data-end=\"1886\" \/>\ud83d\udd39 Actuaci\u00f3n, expresi\u00f3n oral y corporal frente a c\u00e1mara<br data-start=\"1941\" data-end=\"1944\" \/>\ud83d\udd39 Producci\u00f3n de un cortometraje colaborativo<\/p>\n<p data-start=\"1996\" data-end=\"2358\">\ud83c\udf1f <strong data-start=\"1999\" data-end=\"2037\">\u00bfPor qu\u00e9 este taller es diferente?<\/strong><br data-start=\"2037\" data-end=\"2040\" \/>Porque aqu\u00ed <strong data-start=\"2052\" data-end=\"2079\">no hay clases aburridas<\/strong>, solo experiencias que despiertan la imaginaci\u00f3n, la comunicaci\u00f3n y la seguridad en s\u00ed mismos\/as.<br data-start=\"2177\" data-end=\"2180\" \/>A trav\u00e9s de t\u00e9cnicas de aprendizaje positivo y creativo, ayudamos a que cada ni\u00f1o y ni\u00f1a <strong data-start=\"2269\" data-end=\"2296\">se exprese con libertad<\/strong>, descubra sus talentos y construya su propia voz audiovisual.<\/p>\n<p data-start=\"2365\" data-end=\"2477\">\ud83d\udcf2 <strong data-start=\"2368\" data-end=\"2398\">\u00a1Inscribirse es muy f\u00e1cil!<\/strong> Solo tienes que <strong data-start=\"2415\" data-end=\"2457\">completar el formulario de inscripci\u00f3n<\/strong> y asegurar tu cupo.<\/p>\n<p data-start=\"2365\" data-end=\"2477\"><a href=\"https:\/\/forms.gle\/i1AxvpWTypKSrc9p7\"><img loading=\"lazy\" decoding=\"async\" class=\"wp-image-15465 aligncenter\" src=\"https:\/\/escuelalibrejardindelsol.cl\/wp-content\/uploads\/2025\/07\/FORMULARIO-3-300x129.png\" alt=\"\" width=\"191\" height=\"82\" srcset=\"https:\/\/escuelalibrejardindelsol.cl\/wp-content\/uploads\/2025\/07\/FORMULARIO-3-300x129.png 300w, https:\/\/escuelalibrejardindelsol.cl\/wp-content\/uploads\/2025\/07\/FORMULARIO-3-100x43.png 100w, https:\/\/escuelalibrejardindelsol.cl\/wp-content\/uploads\/2025\/07\/FORMULARIO-3-18x8.png 18w, https:\/\/escuelalibrejardindelsol.cl\/wp-content\/uploads\/2025\/07\/FORMULARIO-3.png 472w\" sizes=\"auto, (max-width: 191px) 100vw, 191px\" \/><\/a><\/p>\n<p data-start=\"2479\" data-end=\"2631\">\ud83c\udfac <em data-start=\"2482\" data-end=\"2536\">La c\u00e1mara ya est\u00e1 encendida\u2026 solo falta tu historia.<\/em><\/p>\n<p data-start=\"2479\" data-end=\"2631\"><br data-start=\"2536\" data-end=\"2539\" \/><strong data-start=\"2539\" data-end=\"2631\">\u00a1Te esperamos para crear juntos un mundo audiovisual lleno de ideas, juegos y emociones!<\/strong><\/p>\n<p data-start=\"2639\" data-end=\"2757\"><strong data-start=\"2639\" data-end=\"2677\">Equipo Taller Audiovisual Creativo<\/strong><br data-start=\"2677\" data-end=\"2680\" \/>\ud83d\udce9 Para m\u00e1s informaci\u00f3n, estamos siempre disponibles para resolver tus dudas.<\/p>","protected":false},"excerpt":{"rendered":"<p>\ud83c\udfac\u2728 \u00a1Bienvenid@ al Taller Audiovisual Infantil y Juvenil! \u2728\ud83c\udfac Donde crear, imaginar y contar historias se convierte en una experiencia inolvidable Si tienes entre 8 y 15 a\u00f1os, esta es tu oportunidad para aprender el m\u00e1gico mundo del audiovisual: c\u00e1maras, guiones, edici\u00f3n, actuaci\u00f3n, \u00a1y mucho m\u00e1s!Aqu\u00ed aprender\u00e1s haciendo, a trav\u00e9s del juego, la alegr\u00eda y <a href=\"https:\/\/escuelalibrejardindelsol.cl\/pt\/15464-2\/\" rel=\"nofollow\"><span class=\"sr-only\">Read more about Taller audiovisual<\/span>[&hellip;]<\/a><\/p>\n","protected":false},"author":1,"featured_media":0,"parent":0,"menu_order":0,"comment_status":"closed","ping_status":"closed","template":"","meta":{"footnotes":""},"class_list":["post-15464","page","type-page","status-publish","hentry"],"_links":{"self":[{"href":"https:\/\/escuelalibrejardindelsol.cl\/pt\/wp-json\/wp\/v2\/pages\/15464","targetHints":{"allow":["GET"]}}],"collection":[{"href":"https:\/\/escuelalibrejardindelsol.cl\/pt\/wp-json\/wp\/v2\/pages"}],"about":[{"href":"https:\/\/escuelalibrejardindelsol.cl\/pt\/wp-json\/wp\/v2\/types\/page"}],"author":[{"embeddable":true,"href":"https:\/\/escuelalibrejardindelsol.cl\/pt\/wp-json\/wp\/v2\/users\/1"}],"replies":[{"embeddable":true,"href":"https:\/\/escuelalibrejardindelsol.cl\/pt\/wp-json\/wp\/v2\/comments?post=15464"}],"version-history":[{"count":2,"href":"https:\/\/escuelalibrejardindelsol.cl\/pt\/wp-json\/wp\/v2\/pages\/15464\/revisions"}],"predecessor-version":[{"id":15467,"href":"https:\/\/escuelalibrejardindelsol.cl\/pt\/wp-json\/wp\/v2\/pages\/15464\/revisions\/15467"}],"wp:attachment":[{"href":"https:\/\/escuelalibrejardindelsol.cl\/pt\/wp-json\/wp\/v2\/media?parent=15464"}],"curies":[{"name":"wp","href":"https:\/\/api.w.org\/{rel}","templated":true}]}}