{"id":15442,"date":"2025-07-10T01:54:35","date_gmt":"2025-07-10T01:54:35","guid":{"rendered":"https:\/\/escuelalibrejardindelsol.cl\/?page_id=15442"},"modified":"2025-07-25T23:45:36","modified_gmt":"2025-07-25T23:45:36","slug":"obras-de-teatro-educativas","status":"publish","type":"page","link":"https:\/\/escuelalibrejardindelsol.cl\/pt\/obras-de-teatro-educativas\/","title":{"rendered":"Obras de Teatro Educativas"},"content":{"rendered":"<h3 data-start=\"229\" data-end=\"312\">\ud83c\udfad <strong data-start=\"236\" data-end=\"310\">Bienvenid@s al Teatro Educativo de la Escuela Art\u00edstica Jard\u00edn del Sol<\/strong><\/h3>\n<p data-start=\"313\" data-end=\"373\"><strong data-start=\"313\" data-end=\"373\">Arte, emoci\u00f3n y aprendizaje para transformar comunidades<\/strong><\/p>\n<p data-start=\"375\" data-end=\"711\">En la Escuela Art\u00edstica Jard\u00edn del Sol creemos en el poder del arte como herramienta transformadora en la educaci\u00f3n. Por eso, ponemos a disposici\u00f3n de <strong data-start=\"526\" data-end=\"591\">establecimientos educacionales, centros culturales y empresas<\/strong> nuestras <strong data-start=\"601\" data-end=\"631\">obras de teatro educativas<\/strong>, creadas especialmente para <strong data-start=\"660\" data-end=\"710\">educar con alegr\u00eda, sensibilidad y creatividad<\/strong>.<\/p>\n<p data-start=\"713\" data-end=\"1057\">Nuestras propuestas son <strong data-start=\"737\" data-end=\"760\">interdisciplinarias<\/strong>, combinando <strong data-start=\"773\" data-end=\"799\">teatro, m\u00fasica y danza<\/strong> en experiencias esc\u00e9nicas inclusivas, participativas y significativas. Cada obra est\u00e1 dise\u00f1ada para abordar contenidos esenciales del desarrollo emocional, cultural y social de ni\u00f1as, ni\u00f1os y j\u00f3venes, fomentando la reflexi\u00f3n activa y el v\u00ednculo comunitario.<\/p>\n<h3 data-start=\"1059\" data-end=\"1081\">\ud83c\udf08 \u00bfQu\u00e9 ofrecemos?<\/h3>\n<ul data-start=\"1083\" data-end=\"1501\">\n<li data-start=\"1083\" data-end=\"1198\">\n<p data-start=\"1085\" data-end=\"1198\"><strong data-start=\"1085\" data-end=\"1129\">Obras din\u00e1micas, divertidas y educativas<\/strong> que conectan con la realidad de los p\u00fablicos infantiles y juveniles.<\/p>\n<\/li>\n<li data-start=\"1199\" data-end=\"1279\">\n<p data-start=\"1201\" data-end=\"1279\">Contenidos vinculados al curr\u00edculum escolar y tem\u00e1ticas de formaci\u00f3n integral.<\/p>\n<\/li>\n<li data-start=\"1280\" data-end=\"1407\">\n<p data-start=\"1282\" data-end=\"1407\"><strong data-start=\"1282\" data-end=\"1320\">Opcional: Talleres complementarios<\/strong> para profundizar en los contenidos y potenciar el impacto de la experiencia art\u00edstica.<\/p>\n<\/li>\n<li data-start=\"1408\" data-end=\"1501\">\n<p data-start=\"1410\" data-end=\"1501\">Espacios seguros, l\u00fadicos e inclusivos donde todos pueden participar, aprender y disfrutar.<\/p>\n<\/li>\n<\/ul>\n<h3 data-start=\"1503\" data-end=\"1524\">\ud83c\udfad Nuestras obras<\/h3>\n<ul data-start=\"1526\" data-end=\"2208\">\n<li data-start=\"1526\" data-end=\"1718\">\n<ul>\n<li data-start=\"1516\" data-end=\"2084\">\n<p data-start=\"1518\" data-end=\"2084\"><strong data-start=\"1518\" data-end=\"1543\">Kalfu y las emociones<\/strong><br data-start=\"1543\" data-end=\"1546\" \/>Un viaje m\u00e1gico para reconocer, expresar y gestionar las emociones desde la infancia.<br data-start=\"1633\" data-end=\"1636\" \/>Esta obra contempla la posibilidad de integrar un <strong data-start=\"1688\" data-end=\"1756\">taller previo con 4 sesiones presenciales en el centro educativo<\/strong> dirigidas a los y las estudiantes, junto con <strong data-start=\"1802\" data-end=\"1862\">una sesi\u00f3n virtual especialmente dedicada a las familias<\/strong>, fortaleciendo el trabajo conjunto entre escuela y hogar para lograr una experiencia m\u00e1s significativa y con mayor impacto emocional y pedag\u00f3gico.<br data-start=\"2009\" data-end=\"2012\" \/>\ud83d\udcc4 <strong><a class=\"cursor-pointer\" href=\"https:\/\/drive.google.com\/file\/d\/1APf82-IV9UoLQ6-eSiT5FXzWQT0042TA\/view?usp=sharing\" target=\"_new\" rel=\"noopener\" data-start=\"2017\" data-end=\"2084\">Descargar dossier de la obra<\/a><\/strong><\/p>\n<\/li>\n<li data-start=\"2086\" data-end=\"2308\">\n<p data-start=\"2088\" data-end=\"2308\"><strong data-start=\"2088\" data-end=\"2118\">Kalfu y la m\u00fasica en Chile<\/strong><br data-start=\"2118\" data-end=\"2121\" \/>Un recorrido sonoro por los paisajes y ra\u00edces musicales del pa\u00eds, despertando el amor por la diversidad cultural.<br data-start=\"2236\" data-end=\"2239\" \/>\ud83d\udcc4 <strong><a class=\"cursor-pointer\" href=\"https:\/\/drive.google.com\/file\/d\/1tXku8EodpAJPx00g4d_ri5GzsXwknPGH\/view?usp=sharing\" target=\"_new\" rel=\"noopener\" data-start=\"2244\" data-end=\"2308\">Descargar dossier de la obra<\/a><\/strong><\/p>\n<\/li>\n<li data-start=\"2310\" data-end=\"2574\">\n<p data-start=\"2312\" data-end=\"2574\"><strong data-start=\"2312\" data-end=\"2334\">Sim\u00f3n y el celular<\/strong> <em data-start=\"2335\" data-end=\"2354\">(estreno pr\u00f3ximo)<\/em><br data-start=\"2354\" data-end=\"2357\" \/>Una mirada reflexiva, entretenida y actual sobre el uso de la tecnolog\u00eda, la desconexi\u00f3n emocional y el valor del juego y el encuentro humano.<br data-start=\"2501\" data-end=\"2504\" \/>\ud83d\udcc4 <strong><a class=\"cursor-pointer\" target=\"_new\" rel=\"noopener\" data-start=\"2509\" data-end=\"2574\">Descargar dossier de la obra<\/a><\/strong><\/p>\n<\/li>\n<\/ul>\n<\/li>\n<\/ul>\n<h3 data-start=\"2210\" data-end=\"2237\">\ud83c\udf1f Beneficios e impacto<\/h3>\n<ul data-start=\"2239\" data-end=\"2597\">\n<li data-start=\"2239\" data-end=\"2325\">\n<p data-start=\"2241\" data-end=\"2325\"><strong data-start=\"2241\" data-end=\"2283\">Fortalece el desarrollo socioemocional<\/strong> y cultural en las comunidades educativas.<\/p>\n<\/li>\n<li data-start=\"2326\" data-end=\"2389\">\n<p data-start=\"2328\" data-end=\"2389\">Promueve la <strong data-start=\"2340\" data-end=\"2388\">inclusi\u00f3n, la empat\u00eda y el trabajo en equipo<\/strong>.<\/p>\n<\/li>\n<li data-start=\"2390\" data-end=\"2465\">\n<p data-start=\"2392\" data-end=\"2465\">Aporta a la formaci\u00f3n integral desde una experiencia art\u00edstica memorable.<\/p>\n<\/li>\n<li data-start=\"2466\" data-end=\"2597\">\n<p data-start=\"2468\" data-end=\"2597\">Genera <strong data-start=\"2475\" data-end=\"2493\">impacto social<\/strong> al acercar el arte a comunidades rurales, urbanas y vulnerables, democratizando el acceso a la cultura.<\/p>\n<\/li>\n<\/ul>\n<h3>\ud83d\udcca <strong data-start=\"1339\" data-end=\"1363\">Evaluaci\u00f3n e impacto<\/strong><\/h3>\n<p>Cada intervenci\u00f3n incluye una pauta de evaluaci\u00f3n cualitativa y opcionalmente cuantitativa, aplicada a docentes y estudiantes, que permite medir el grado de comprensi\u00f3n de los contenidos abordados, el impacto emocional y la percepci\u00f3n general de la experiencia. Este sistema nos permite mejorar continuamente y ofrecer un reporte de retroalimentaci\u00f3n a cada establecimiento.<\/p>\n<p data-start=\"2599\" data-end=\"2836\">Invitamos a todas las instituciones que sue\u00f1an con una educaci\u00f3n m\u00e1s creativa, sensible y transformadora a <strong data-start=\"2706\" data-end=\"2734\">contratar nuestras obras<\/strong> y ser parte de esta propuesta art\u00edstica con sentido. \u00a1Llevemos juntos el arte a cada rinc\u00f3n del pa\u00eds!<\/p>\n<p data-start=\"2838\" data-end=\"2904\">\ud83d\udce9 <strong data-start=\"2841\" data-end=\"2904\">Cont\u00e1ctanos para agendar tu funci\u00f3n o conocer m\u00e1s detalles.<\/strong><\/p>\n<p data-start=\"133\" data-end=\"254\"><a href=\"https:\/\/mail.google.com\/mail\/?view=cm&amp;fs=1&amp;to=contacto@escuelalibrejardindelsol.cl&amp;su=Inter%C3%A9s%20en%20Obra%20Educativa&amp;body=Hola!%20nos%20interesa%20agendar%20una%20obra%20educativa.%0APor%20favor%20considerar:%0A-%20Nombre%20del%20contacto:%0A-%20Comuna:%0A-%20Tel%C3%A9fono%20de%20contacto:%0A-%20Fecha%20tentativa:%0A%0AQuedamos%20atentos%2Fas.%0A%C2%A1Gracias!\">Presiona aqu\u00ed<\/a> <a href=\"https:\/\/mail.google.com\/mail\/?view=cm&amp;fs=1&amp;to=contacto@escuelalibrejardindelsol.cl&amp;su=Inter%C3%A9s%20en%20Obra%20Educativa&amp;body=Hola!%20nos%20interesa%20agendar%20una%20obra%20educativa.%0APor%20favor%20considerar:%0A-%20Nombre%20del%20contacto:%0A-%20Comuna:%0A-%20Tel%C3%A9fono%20de%20contacto:%0A-%20Fecha%20tentativa:%0A%0AQuedamos%20atentos%2Fas.%0A%C2%A1Gracias!\"><img loading=\"lazy\" decoding=\"async\" class=\"alignnone  wp-image-15527\" src=\"https:\/\/escuelalibrejardindelsol.cl\/wp-content\/uploads\/2025\/07\/pngtree-gmail-logo-png-png-image_4868140-300x300.png\" alt=\"\" width=\"91\" height=\"91\" srcset=\"https:\/\/escuelalibrejardindelsol.cl\/wp-content\/uploads\/2025\/07\/pngtree-gmail-logo-png-png-image_4868140-300x300.png 300w, https:\/\/escuelalibrejardindelsol.cl\/wp-content\/uploads\/2025\/07\/pngtree-gmail-logo-png-png-image_4868140-1024x1024.png 1024w, https:\/\/escuelalibrejardindelsol.cl\/wp-content\/uploads\/2025\/07\/pngtree-gmail-logo-png-png-image_4868140-150x150.png 150w, https:\/\/escuelalibrejardindelsol.cl\/wp-content\/uploads\/2025\/07\/pngtree-gmail-logo-png-png-image_4868140-768x767.png 768w, https:\/\/escuelalibrejardindelsol.cl\/wp-content\/uploads\/2025\/07\/pngtree-gmail-logo-png-png-image_4868140-100x100.png 100w, https:\/\/escuelalibrejardindelsol.cl\/wp-content\/uploads\/2025\/07\/pngtree-gmail-logo-png-png-image_4868140-12x12.png 12w, https:\/\/escuelalibrejardindelsol.cl\/wp-content\/uploads\/2025\/07\/pngtree-gmail-logo-png-png-image_4868140-250x250.png 250w, https:\/\/escuelalibrejardindelsol.cl\/wp-content\/uploads\/2025\/07\/pngtree-gmail-logo-png-png-image_4868140-174x174.png 174w, https:\/\/escuelalibrejardindelsol.cl\/wp-content\/uploads\/2025\/07\/pngtree-gmail-logo-png-png-image_4868140-600x599.png 600w, https:\/\/escuelalibrejardindelsol.cl\/wp-content\/uploads\/2025\/07\/pngtree-gmail-logo-png-png-image_4868140.png 1048w\" sizes=\"auto, (max-width: 91px) 100vw, 91px\" \/><\/a><\/p>\n<p data-start=\"133\" data-end=\"254\">\ud83d\udd17 <strong data-start=\"136\" data-end=\"254\"><a class=\"cursor-pointer\" target=\"_new\" rel=\"noopener\" data-start=\"138\" data-end=\"252\">Escr\u00edbenos por WhatsApp: Queremos teatro educativo<\/a><\/strong><\/p>\n<p data-start=\"2838\" data-end=\"2904\"><a href=\"https:\/\/wa.me\/56975340674?text=Queremos%20teatro%20educativo\"><img loading=\"lazy\" decoding=\"async\" class=\"alignnone wp-image-15480\" src=\"https:\/\/escuelalibrejardindelsol.cl\/wp-content\/uploads\/2025\/07\/botones-3-300x129.png\" alt=\"\" width=\"228\" height=\"98\" srcset=\"https:\/\/escuelalibrejardindelsol.cl\/wp-content\/uploads\/2025\/07\/botones-3-300x129.png 300w, https:\/\/escuelalibrejardindelsol.cl\/wp-content\/uploads\/2025\/07\/botones-3-100x43.png 100w, https:\/\/escuelalibrejardindelsol.cl\/wp-content\/uploads\/2025\/07\/botones-3-18x8.png 18w, https:\/\/escuelalibrejardindelsol.cl\/wp-content\/uploads\/2025\/07\/botones-3.png 472w\" sizes=\"auto, (max-width: 228px) 100vw, 228px\" \/><\/a><\/p>","protected":false},"excerpt":{"rendered":"<p>\ud83c\udfad Bienvenid@s al Teatro Educativo de la Escuela Art\u00edstica Jard\u00edn del Sol Arte, emoci\u00f3n y aprendizaje para transformar comunidades En la Escuela Art\u00edstica Jard\u00edn del Sol creemos en el poder del arte como herramienta transformadora en la educaci\u00f3n. Por eso, ponemos a disposici\u00f3n de establecimientos educacionales, centros culturales y empresas nuestras obras de teatro educativas, <a href=\"https:\/\/escuelalibrejardindelsol.cl\/pt\/obras-de-teatro-educativas\/\" rel=\"nofollow\"><span class=\"sr-only\">Read more about Obras de Teatro Educativas<\/span>[&hellip;]<\/a><\/p>\n","protected":false},"author":1,"featured_media":0,"parent":0,"menu_order":0,"comment_status":"closed","ping_status":"closed","template":"","meta":{"footnotes":""},"class_list":["post-15442","page","type-page","status-publish","hentry"],"_links":{"self":[{"href":"https:\/\/escuelalibrejardindelsol.cl\/pt\/wp-json\/wp\/v2\/pages\/15442","targetHints":{"allow":["GET"]}}],"collection":[{"href":"https:\/\/escuelalibrejardindelsol.cl\/pt\/wp-json\/wp\/v2\/pages"}],"about":[{"href":"https:\/\/escuelalibrejardindelsol.cl\/pt\/wp-json\/wp\/v2\/types\/page"}],"author":[{"embeddable":true,"href":"https:\/\/escuelalibrejardindelsol.cl\/pt\/wp-json\/wp\/v2\/users\/1"}],"replies":[{"embeddable":true,"href":"https:\/\/escuelalibrejardindelsol.cl\/pt\/wp-json\/wp\/v2\/comments?post=15442"}],"version-history":[{"count":6,"href":"https:\/\/escuelalibrejardindelsol.cl\/pt\/wp-json\/wp\/v2\/pages\/15442\/revisions"}],"predecessor-version":[{"id":15528,"href":"https:\/\/escuelalibrejardindelsol.cl\/pt\/wp-json\/wp\/v2\/pages\/15442\/revisions\/15528"}],"wp:attachment":[{"href":"https:\/\/escuelalibrejardindelsol.cl\/pt\/wp-json\/wp\/v2\/media?parent=15442"}],"curies":[{"name":"wp","href":"https:\/\/api.w.org\/{rel}","templated":true}]}}