{"id":15434,"date":"2025-07-09T02:16:13","date_gmt":"2025-07-09T02:16:13","guid":{"rendered":"https:\/\/escuelalibrejardindelsol.cl\/?page_id=15434"},"modified":"2025-07-10T01:15:15","modified_gmt":"2025-07-10T01:15:15","slug":"taller-musica-presencial","status":"publish","type":"page","link":"https:\/\/escuelalibrejardindelsol.cl\/pt\/taller-musica-presencial\/","title":{"rendered":"Taller M\u00fasica Presencial"},"content":{"rendered":"<p data-start=\"135\" data-end=\"489\">\ud83c\udfb6 <strong data-start=\"138\" data-end=\"197\">\u00a1Tu hij@ puede descubrir la magia de la m\u00fasica jugando!<\/strong><\/p>\n<p data-start=\"135\" data-end=\"489\"><br data-start=\"197\" data-end=\"200\" \/>En <strong data-start=\"203\" data-end=\"221\">Jard\u00edn del Sol<\/strong> abrimos las puertas de nuestro <strong data-start=\"253\" data-end=\"282\">Taller de M\u00fasica Infantil<\/strong>, un espacio lleno de alegr\u00eda, ritmo y creatividad, donde los ni\u00f1os y ni\u00f1as aprenden a tocar instrumentos como <strong data-start=\"393\" data-end=\"439\">ukeleles, teclado, percusiones y mucho m\u00e1s<\/strong>, \u00a1todo a trav\u00e9s del juego y la expresi\u00f3n musical!<\/p>\n<p data-start=\"491\" data-end=\"569\">\ud83d\udc67\ud83d\udc66 <strong data-start=\"496\" data-end=\"516\">Grupos por edad:<\/strong><br data-start=\"516\" data-end=\"519\" \/>\ud83c\udfb5 3 a 5 a\u00f1os<br data-start=\"532\" data-end=\"535\" \/>\ud83c\udfb5 6 a 10 a\u00f1os<br data-start=\"549\" data-end=\"552\" \/>\ud83c\udfb5 11 a 14 a\u00f1os<\/p>\n<p data-start=\"571\" data-end=\"727\">En un ambiente c\u00e1lido y seguro, <strong data-start=\"603\" data-end=\"662\">estimulamos el desarrollo emocional, cognitivo y social<\/strong> de cada peque a trav\u00e9s de experiencias musicales significativas.<\/p>\n<p data-start=\"729\" data-end=\"1086\">\ud83d\udccd<strong data-start=\"731\" data-end=\"780\">Actualmente estamos en la comuna de El Quisco<\/strong>, y recibimos con cari\u00f1o a familias de <strong data-start=\"819\" data-end=\"877\">El Tabo, El Quisco, Algarrobo, Cartagena y San Antonio<\/strong>.<\/p>\n<p data-start=\"729\" data-end=\"1086\">Tenemos becas para personas de comunas m\u00e1s lejanas y herman@s.<\/p>\n<p data-start=\"1088\" data-end=\"1360\">\ud83d\udcdd <strong data-start=\"1213\" data-end=\"1283\">Para m\u00e1s informaci\u00f3n e inscripciones, completa el formulario aqu\u00ed:<\/strong><br data-start=\"1283\" data-end=\"1286\" \/><a class=\"\" href=\"https:\/\/forms.gle\/Q5w46PAKB13sqasL8\" target=\"_new\" rel=\"noopener\" data-start=\"1286\" data-end=\"1360\">https:\/\/forms.gle\/Q5w46PAKB13sqasL8<\/a><\/p>\n<p data-start=\"1362\" data-end=\"1455\">\ud83c\udf89 <strong data-start=\"1365\" data-end=\"1402\">\u00a1Inscr\u00edbete ya y asegura tu cupo!<\/strong><br data-start=\"1402\" data-end=\"1405\" \/>\u2728 <strong data-start=\"1407\" data-end=\"1455\">La m\u00fasica se vive, se juega\u2026 \u00a1y se disfruta!<\/strong><\/p>\n<p data-start=\"729\" data-end=\"1086\"><br data-start=\"878\" data-end=\"881\" \/>\ud83d\udcac Si eres parte de alg\u00fan establecimiento educativo en otra comuna o regi\u00f3n y te interesa nuestro taller, <strong data-start=\"938\" data-end=\"965\">escr\u00edbenos por WhatsApp<\/strong> para coordinar posibilidades y acercar nuestra metodolog\u00eda a tu ciudad.<\/p>\n<p data-start=\"729\" data-end=\"1086\">\u00a1Nos encanta expandir la m\u00fasica!<\/p>\n<p data-start=\"1088\" data-end=\"1360\">\ud83d\udcf1 Escr\u00edbenos al WhatsApp: +56 9 7534 0674<br data-start=\"1130\" data-end=\"1133\" \/>\ud83d\udd17 O haz clic aqu\u00ed: <a class=\"\" href=\"https:\/\/wa.me\/56975340674\" target=\"_new\" rel=\"noopener\" data-start=\"1153\" data-end=\"1207\">https:\/\/wa.me\/56975340674<\/a><\/p>\n<p data-start=\"1362\" data-end=\"1455\">","protected":false},"excerpt":{"rendered":"<p>\ud83c\udfb6 \u00a1Tu hij@ puede descubrir la magia de la m\u00fasica jugando! En Jard\u00edn del Sol abrimos las puertas de nuestro Taller de M\u00fasica Infantil, un espacio lleno de alegr\u00eda, ritmo y creatividad, donde los ni\u00f1os y ni\u00f1as aprenden a tocar instrumentos como ukeleles, teclado, percusiones y mucho m\u00e1s, \u00a1todo a trav\u00e9s del juego y la <a href=\"https:\/\/escuelalibrejardindelsol.cl\/pt\/taller-musica-presencial\/\" rel=\"nofollow\"><span class=\"sr-only\">Read more about Taller M\u00fasica Presencial<\/span>[&hellip;]<\/a><\/p>\n","protected":false},"author":1,"featured_media":0,"parent":0,"menu_order":0,"comment_status":"closed","ping_status":"closed","template":"","meta":{"footnotes":""},"class_list":["post-15434","page","type-page","status-publish","hentry"],"_links":{"self":[{"href":"https:\/\/escuelalibrejardindelsol.cl\/pt\/wp-json\/wp\/v2\/pages\/15434","targetHints":{"allow":["GET"]}}],"collection":[{"href":"https:\/\/escuelalibrejardindelsol.cl\/pt\/wp-json\/wp\/v2\/pages"}],"about":[{"href":"https:\/\/escuelalibrejardindelsol.cl\/pt\/wp-json\/wp\/v2\/types\/page"}],"author":[{"embeddable":true,"href":"https:\/\/escuelalibrejardindelsol.cl\/pt\/wp-json\/wp\/v2\/users\/1"}],"replies":[{"embeddable":true,"href":"https:\/\/escuelalibrejardindelsol.cl\/pt\/wp-json\/wp\/v2\/comments?post=15434"}],"version-history":[{"count":3,"href":"https:\/\/escuelalibrejardindelsol.cl\/pt\/wp-json\/wp\/v2\/pages\/15434\/revisions"}],"predecessor-version":[{"id":15438,"href":"https:\/\/escuelalibrejardindelsol.cl\/pt\/wp-json\/wp\/v2\/pages\/15434\/revisions\/15438"}],"wp:attachment":[{"href":"https:\/\/escuelalibrejardindelsol.cl\/pt\/wp-json\/wp\/v2\/media?parent=15434"}],"curies":[{"name":"wp","href":"https:\/\/api.w.org\/{rel}","templated":true}]}}