{"id":15382,"date":"2025-06-19T16:44:26","date_gmt":"2025-06-19T16:44:26","guid":{"rendered":"https:\/\/escuelalibrejardindelsol.cl\/?page_id=15382"},"modified":"2025-08-12T22:30:06","modified_gmt":"2025-08-12T22:30:06","slug":"talleres-infantiles-presenciales","status":"publish","type":"page","link":"https:\/\/escuelalibrejardindelsol.cl\/pt\/talleres-infantiles-presenciales\/","title":{"rendered":"Talleres Infantiles presenciales"},"content":{"rendered":"<h3 data-start=\"106\" data-end=\"179\">\ud83c\udf1e \u00a1Bienvenid@s a los Talleres Presenciales! \ud83c\udfa8\ud83e\udd16<\/h3>\n<p data-start=\"180\" data-end=\"203\"><strong data-start=\"180\" data-end=\"203\">Comuna de El Quisco<\/strong><\/p>\n<h3 data-start=\"106\" data-end=\"179\"><img loading=\"lazy\" decoding=\"async\" class=\"wp-image-15533 alignright\" src=\"https:\/\/escuelalibrejardindelsol.cl\/wp-content\/uploads\/2025\/07\/LOGO-JARDIN-DEL-SOL-300x202.png\" alt=\"\" width=\"153\" height=\"103\" srcset=\"https:\/\/escuelalibrejardindelsol.cl\/wp-content\/uploads\/2025\/07\/LOGO-JARDIN-DEL-SOL-300x202.png 300w, https:\/\/escuelalibrejardindelsol.cl\/wp-content\/uploads\/2025\/07\/LOGO-JARDIN-DEL-SOL-1024x689.png 1024w, https:\/\/escuelalibrejardindelsol.cl\/wp-content\/uploads\/2025\/07\/LOGO-JARDIN-DEL-SOL-768x517.png 768w, https:\/\/escuelalibrejardindelsol.cl\/wp-content\/uploads\/2025\/07\/LOGO-JARDIN-DEL-SOL-100x67.png 100w, https:\/\/escuelalibrejardindelsol.cl\/wp-content\/uploads\/2025\/07\/LOGO-JARDIN-DEL-SOL-1536x1034.png 1536w, https:\/\/escuelalibrejardindelsol.cl\/wp-content\/uploads\/2025\/07\/LOGO-JARDIN-DEL-SOL-2048x1378.png 2048w, https:\/\/escuelalibrejardindelsol.cl\/wp-content\/uploads\/2025\/07\/LOGO-JARDIN-DEL-SOL-18x12.png 18w, https:\/\/escuelalibrejardindelsol.cl\/wp-content\/uploads\/2025\/07\/LOGO-JARDIN-DEL-SOL-750x500.png 750w, https:\/\/escuelalibrejardindelsol.cl\/wp-content\/uploads\/2025\/07\/LOGO-JARDIN-DEL-SOL-600x404.png 600w\" sizes=\"auto, (max-width: 153px) 100vw, 153px\" \/><\/h3>\n<p data-start=\"205\" data-end=\"444\">Con mucha alegr\u00eda te damos la bienvenida a nuestros talleres presenciales en la hermosa comuna de <strong data-start=\"303\" data-end=\"316\">El Quisco<\/strong>, donde ni\u00f1as y ni\u00f1os podr\u00e1n participar de experiencias educativas y creativas en un ambiente natural, seguro y lleno de cari\u00f1o.<\/p>\n<p data-start=\"205\" data-end=\"444\"><img loading=\"lazy\" decoding=\"async\" class=\"wp-image-15534 aligncenter\" src=\"https:\/\/escuelalibrejardindelsol.cl\/wp-content\/uploads\/2025\/07\/WhatsApp-Image-2025-07-28-at-11.31.24-PM-300x300.jpeg\" alt=\"\" width=\"466\" height=\"466\" srcset=\"https:\/\/escuelalibrejardindelsol.cl\/wp-content\/uploads\/2025\/07\/WhatsApp-Image-2025-07-28-at-11.31.24-PM-300x300.jpeg 300w, https:\/\/escuelalibrejardindelsol.cl\/wp-content\/uploads\/2025\/07\/WhatsApp-Image-2025-07-28-at-11.31.24-PM-1024x1024.jpeg 1024w, https:\/\/escuelalibrejardindelsol.cl\/wp-content\/uploads\/2025\/07\/WhatsApp-Image-2025-07-28-at-11.31.24-PM-150x150.jpeg 150w, https:\/\/escuelalibrejardindelsol.cl\/wp-content\/uploads\/2025\/07\/WhatsApp-Image-2025-07-28-at-11.31.24-PM-768x768.jpeg 768w, https:\/\/escuelalibrejardindelsol.cl\/wp-content\/uploads\/2025\/07\/WhatsApp-Image-2025-07-28-at-11.31.24-PM-100x100.jpeg 100w, https:\/\/escuelalibrejardindelsol.cl\/wp-content\/uploads\/2025\/07\/WhatsApp-Image-2025-07-28-at-11.31.24-PM-12x12.jpeg 12w, https:\/\/escuelalibrejardindelsol.cl\/wp-content\/uploads\/2025\/07\/WhatsApp-Image-2025-07-28-at-11.31.24-PM-250x250.jpeg 250w, https:\/\/escuelalibrejardindelsol.cl\/wp-content\/uploads\/2025\/07\/WhatsApp-Image-2025-07-28-at-11.31.24-PM-174x174.jpeg 174w, https:\/\/escuelalibrejardindelsol.cl\/wp-content\/uploads\/2025\/07\/WhatsApp-Image-2025-07-28-at-11.31.24-PM-600x600.jpeg 600w, https:\/\/escuelalibrejardindelsol.cl\/wp-content\/uploads\/2025\/07\/WhatsApp-Image-2025-07-28-at-11.31.24-PM.jpeg 1280w\" sizes=\"auto, (max-width: 466px) 100vw, 466px\" \/><\/p>\n<p data-start=\"446\" data-end=\"668\">En <strong data-start=\"449\" data-end=\"467\">Jard\u00edn del Sol<\/strong> ofrecemos <strong data-start=\"478\" data-end=\"516\">talleres tecnol\u00f3gicos y art\u00edsticos<\/strong> dise\u00f1ados para potenciar el desarrollo integral de cada ni\u00f1@, fomentando su imaginaci\u00f3n, pensamiento l\u00f3gico, motricidad y habilidades socioemocionales.<\/p>\n<p data-start=\"446\" data-end=\"668\">\ud83c\udfad<strong> <em data-start=\"673\" data-end=\"695\">Talleres Art\u00edsticos:<\/em>\u00a0<\/strong><\/p>\n<p data-start=\"670\" data-end=\"697\">\u00a0<a href=\"https:\/\/escuelalibrejardindelsol.cl\/pt\/taller-musica-presencial\/\"><img loading=\"lazy\" decoding=\"async\" class=\"alignnone wp-image-15388\" src=\"https:\/\/escuelalibrejardindelsol.cl\/wp-content\/uploads\/2025\/06\/botones-1-300x129.png\" alt=\"\" width=\"196\" height=\"84\" srcset=\"https:\/\/escuelalibrejardindelsol.cl\/wp-content\/uploads\/2025\/06\/botones-1-300x129.png 300w, https:\/\/escuelalibrejardindelsol.cl\/wp-content\/uploads\/2025\/06\/botones-1-100x43.png 100w, https:\/\/escuelalibrejardindelsol.cl\/wp-content\/uploads\/2025\/06\/botones-1-18x8.png 18w, https:\/\/escuelalibrejardindelsol.cl\/wp-content\/uploads\/2025\/06\/botones-1.png 472w\" sizes=\"auto, (max-width: 196px) 100vw, 196px\" \/><\/a><a href=\"https:\/\/forms.gle\/cp73GXCEsS9dFz1G6\"><img loading=\"lazy\" decoding=\"async\" class=\"alignnone wp-image-15389\" src=\"https:\/\/escuelalibrejardindelsol.cl\/wp-content\/uploads\/2025\/06\/TEATRO-300x129.png\" alt=\"\" width=\"183\" height=\"79\" srcset=\"https:\/\/escuelalibrejardindelsol.cl\/wp-content\/uploads\/2025\/06\/TEATRO-300x129.png 300w, https:\/\/escuelalibrejardindelsol.cl\/wp-content\/uploads\/2025\/06\/TEATRO-100x43.png 100w, https:\/\/escuelalibrejardindelsol.cl\/wp-content\/uploads\/2025\/06\/TEATRO-18x8.png 18w, https:\/\/escuelalibrejardindelsol.cl\/wp-content\/uploads\/2025\/06\/TEATRO.png 472w\" sizes=\"auto, (max-width: 183px) 100vw, 183px\" \/><\/a><a href=\"https:\/\/forms.gle\/S6EyLB2mCyM1y5ib6\"><img loading=\"lazy\" decoding=\"async\" class=\"alignnone wp-image-15383\" src=\"https:\/\/escuelalibrejardindelsol.cl\/wp-content\/uploads\/2025\/06\/DANZA-300x129.png\" alt=\"\" width=\"179\" height=\"77\" srcset=\"https:\/\/escuelalibrejardindelsol.cl\/wp-content\/uploads\/2025\/06\/DANZA-300x129.png 300w, https:\/\/escuelalibrejardindelsol.cl\/wp-content\/uploads\/2025\/06\/DANZA-100x43.png 100w, https:\/\/escuelalibrejardindelsol.cl\/wp-content\/uploads\/2025\/06\/DANZA-18x8.png 18w, https:\/\/escuelalibrejardindelsol.cl\/wp-content\/uploads\/2025\/06\/DANZA.png 472w\" sizes=\"auto, (max-width: 179px) 100vw, 179px\" \/><\/a><a href=\"https:\/\/escuelalibrejardindelsol.cl\/pt\/caja-de-artes\/\"><img loading=\"lazy\" decoding=\"async\" class=\"alignnone  wp-image-15576\" src=\"https:\/\/escuelalibrejardindelsol.cl\/wp-content\/uploads\/2025\/08\/boton-CAJA-300x129.png\" alt=\"\" width=\"190\" height=\"82\" srcset=\"https:\/\/escuelalibrejardindelsol.cl\/wp-content\/uploads\/2025\/08\/boton-CAJA-300x129.png 300w, https:\/\/escuelalibrejardindelsol.cl\/wp-content\/uploads\/2025\/08\/boton-CAJA-100x43.png 100w, https:\/\/escuelalibrejardindelsol.cl\/wp-content\/uploads\/2025\/08\/boton-CAJA-18x8.png 18w, https:\/\/escuelalibrejardindelsol.cl\/wp-content\/uploads\/2025\/08\/boton-CAJA.png 472w\" sizes=\"auto, (max-width: 190px) 100vw, 190px\" \/><\/a><\/p>\n<p data-start=\"743\" data-end=\"772\">\ud83d\udca1 <strong><em data-start=\"746\" data-end=\"770\">Talleres Tecnol\u00f3gicos:<\/em><\/strong><\/p>\n<p><a href=\"https:\/\/forms.gle\/HH7PDmMwEGmH2z7K8\"><img loading=\"lazy\" decoding=\"async\" class=\"alignnone wp-image-15384\" src=\"https:\/\/escuelalibrejardindelsol.cl\/wp-content\/uploads\/2025\/06\/ROBOTICA-300x129.png\" alt=\"\" width=\"190\" height=\"82\" srcset=\"https:\/\/escuelalibrejardindelsol.cl\/wp-content\/uploads\/2025\/06\/ROBOTICA-300x129.png 300w, https:\/\/escuelalibrejardindelsol.cl\/wp-content\/uploads\/2025\/06\/ROBOTICA-100x43.png 100w, https:\/\/escuelalibrejardindelsol.cl\/wp-content\/uploads\/2025\/06\/ROBOTICA-18x8.png 18w, https:\/\/escuelalibrejardindelsol.cl\/wp-content\/uploads\/2025\/06\/ROBOTICA.png 472w\" sizes=\"auto, (max-width: 190px) 100vw, 190px\" \/><\/a><a href=\"https:\/\/forms.gle\/jNN8cDbBco2QHxG79\"><img loading=\"lazy\" decoding=\"async\" class=\"alignnone wp-image-15385\" src=\"https:\/\/escuelalibrejardindelsol.cl\/wp-content\/uploads\/2025\/06\/botones-2-300x129.png\" alt=\"\" width=\"186\" height=\"80\" srcset=\"https:\/\/escuelalibrejardindelsol.cl\/wp-content\/uploads\/2025\/06\/botones-2-300x129.png 300w, https:\/\/escuelalibrejardindelsol.cl\/wp-content\/uploads\/2025\/06\/botones-2-100x43.png 100w, https:\/\/escuelalibrejardindelsol.cl\/wp-content\/uploads\/2025\/06\/botones-2-18x8.png 18w, https:\/\/escuelalibrejardindelsol.cl\/wp-content\/uploads\/2025\/06\/botones-2.png 472w\" sizes=\"auto, (max-width: 186px) 100vw, 186px\" \/><\/a><\/p>\n<p>&nbsp;<\/p>\n<p><em data-start=\"746\" data-end=\"770\">\u265f\ufe0f<strong>Talleres otros talleres:<\/strong><\/em><\/p>\n<p>&nbsp;<\/p>\n<h3 data-start=\"106\" data-end=\"179\"><a href=\"https:\/\/forms.gle\/ZHbRSjPz9tPf8Shw8\"><img loading=\"lazy\" decoding=\"async\" class=\"wp-image-15529 alignleft\" src=\"https:\/\/escuelalibrejardindelsol.cl\/wp-content\/uploads\/2025\/07\/YOGA-300x129.png\" alt=\"\" width=\"168\" height=\"72\" srcset=\"https:\/\/escuelalibrejardindelsol.cl\/wp-content\/uploads\/2025\/07\/YOGA-300x129.png 300w, https:\/\/escuelalibrejardindelsol.cl\/wp-content\/uploads\/2025\/07\/YOGA-100x43.png 100w, https:\/\/escuelalibrejardindelsol.cl\/wp-content\/uploads\/2025\/07\/YOGA-18x8.png 18w, https:\/\/escuelalibrejardindelsol.cl\/wp-content\/uploads\/2025\/07\/YOGA.png 472w\" sizes=\"auto, (max-width: 168px) 100vw, 168px\" \/><\/a><a href=\"https:\/\/forms.gle\/Bc3uYnMPf1ShB7rZ7\"><img loading=\"lazy\" decoding=\"async\" class=\"alignnone wp-image-15386\" src=\"https:\/\/escuelalibrejardindelsol.cl\/wp-content\/uploads\/2025\/06\/AJEDREZ-300x129.png\" alt=\"\" width=\"178\" height=\"77\" srcset=\"https:\/\/escuelalibrejardindelsol.cl\/wp-content\/uploads\/2025\/06\/AJEDREZ-300x129.png 300w, https:\/\/escuelalibrejardindelsol.cl\/wp-content\/uploads\/2025\/06\/AJEDREZ-100x43.png 100w, https:\/\/escuelalibrejardindelsol.cl\/wp-content\/uploads\/2025\/06\/AJEDREZ-18x8.png 18w, https:\/\/escuelalibrejardindelsol.cl\/wp-content\/uploads\/2025\/06\/AJEDREZ.png 472w\" sizes=\"auto, (max-width: 178px) 100vw, 178px\" \/><\/a><img loading=\"lazy\" decoding=\"async\" class=\"alignnone wp-image-15387\" src=\"https:\/\/escuelalibrejardindelsol.cl\/wp-content\/uploads\/2025\/06\/REFORZAMIENTO-300x129.png\" alt=\"\" width=\"163\" height=\"70\" srcset=\"https:\/\/escuelalibrejardindelsol.cl\/wp-content\/uploads\/2025\/06\/REFORZAMIENTO-300x129.png 300w, https:\/\/escuelalibrejardindelsol.cl\/wp-content\/uploads\/2025\/06\/REFORZAMIENTO-100x43.png 100w, https:\/\/escuelalibrejardindelsol.cl\/wp-content\/uploads\/2025\/06\/REFORZAMIENTO-18x8.png 18w, https:\/\/escuelalibrejardindelsol.cl\/wp-content\/uploads\/2025\/06\/REFORZAMIENTO.png 472w\" sizes=\"auto, (max-width: 163px) 100vw, 163px\" \/><img loading=\"lazy\" decoding=\"async\" class=\"alignnone wp-image-15391\" src=\"https:\/\/escuelalibrejardindelsol.cl\/wp-content\/uploads\/2025\/06\/INTELIGENCIA-EMOCIONAL-300x129.png\" alt=\"\" width=\"167\" height=\"72\" srcset=\"https:\/\/escuelalibrejardindelsol.cl\/wp-content\/uploads\/2025\/06\/INTELIGENCIA-EMOCIONAL-300x129.png 300w, https:\/\/escuelalibrejardindelsol.cl\/wp-content\/uploads\/2025\/06\/INTELIGENCIA-EMOCIONAL-100x43.png 100w, https:\/\/escuelalibrejardindelsol.cl\/wp-content\/uploads\/2025\/06\/INTELIGENCIA-EMOCIONAL-18x8.png 18w, https:\/\/escuelalibrejardindelsol.cl\/wp-content\/uploads\/2025\/06\/INTELIGENCIA-EMOCIONAL.png 472w\" sizes=\"auto, (max-width: 167px) 100vw, 167px\" \/><\/h3>\n<p>&nbsp;<\/p>\n<h3 data-start=\"848\" data-end=\"887\">\ud83c\udf31 <strong data-start=\"855\" data-end=\"885\">Beneficios para l@s ni\u00f1@s:<\/strong><\/h3>\n<p data-start=\"888\" data-end=\"1116\">\u2705 Desarrollan la creatividad y la expresi\u00f3n personal<br data-start=\"940\" data-end=\"943\" \/>\u2705 Aprenden jugando y explorando nuevas tecnolog\u00edas<br data-start=\"993\" data-end=\"996\" \/>\u2705 Fortalecen la confianza, el trabajo en equipo, el pensamiento cr\u00edtico y resoluci\u00f3n de conflictos<br data-start=\"1068\" data-end=\"1071\" \/>\u2705 Conectan con la naturaleza y la comunidad<\/p>\n<p data-start=\"1118\" data-end=\"1244\">\ud83d\udccc <em data-start=\"1121\" data-end=\"1198\">Para participar en talleres en otras comunas o instituciones, escr\u00edbenos a:<\/em><br data-start=\"1198\" data-end=\"1201\" \/>\ud83d\udce9 <strong data-start=\"1204\" data-end=\"1244\"><a class=\"cursor-pointer\" rel=\"noopener\" data-start=\"1206\" data-end=\"1242\">contacto@escuelalibrejardindelsol.cl<\/a><\/strong><\/p>","protected":false},"excerpt":{"rendered":"<p>\ud83c\udf1e \u00a1Bienvenid@s a los Talleres Presenciales! \ud83c\udfa8\ud83e\udd16 Comuna de El Quisco Con mucha alegr\u00eda te damos la bienvenida a nuestros talleres presenciales en la hermosa comuna de El Quisco, donde ni\u00f1as y ni\u00f1os podr\u00e1n participar de experiencias educativas y creativas en un ambiente natural, seguro y lleno de cari\u00f1o. En Jard\u00edn del Sol ofrecemos talleres <a href=\"https:\/\/escuelalibrejardindelsol.cl\/pt\/talleres-infantiles-presenciales\/\" rel=\"nofollow\"><span class=\"sr-only\">Read more about Talleres Infantiles presenciales<\/span>[&hellip;]<\/a><\/p>\n","protected":false},"author":1,"featured_media":0,"parent":0,"menu_order":0,"comment_status":"closed","ping_status":"closed","template":"","meta":{"footnotes":""},"class_list":["post-15382","page","type-page","status-publish","hentry"],"_links":{"self":[{"href":"https:\/\/escuelalibrejardindelsol.cl\/pt\/wp-json\/wp\/v2\/pages\/15382","targetHints":{"allow":["GET"]}}],"collection":[{"href":"https:\/\/escuelalibrejardindelsol.cl\/pt\/wp-json\/wp\/v2\/pages"}],"about":[{"href":"https:\/\/escuelalibrejardindelsol.cl\/pt\/wp-json\/wp\/v2\/types\/page"}],"author":[{"embeddable":true,"href":"https:\/\/escuelalibrejardindelsol.cl\/pt\/wp-json\/wp\/v2\/users\/1"}],"replies":[{"embeddable":true,"href":"https:\/\/escuelalibrejardindelsol.cl\/pt\/wp-json\/wp\/v2\/comments?post=15382"}],"version-history":[{"count":10,"href":"https:\/\/escuelalibrejardindelsol.cl\/pt\/wp-json\/wp\/v2\/pages\/15382\/revisions"}],"predecessor-version":[{"id":15580,"href":"https:\/\/escuelalibrejardindelsol.cl\/pt\/wp-json\/wp\/v2\/pages\/15382\/revisions\/15580"}],"wp:attachment":[{"href":"https:\/\/escuelalibrejardindelsol.cl\/pt\/wp-json\/wp\/v2\/media?parent=15382"}],"curies":[{"name":"wp","href":"https:\/\/api.w.org\/{rel}","templated":true}]}}