{"id":15342,"date":"2025-06-17T00:06:59","date_gmt":"2025-06-17T00:06:59","guid":{"rendered":"https:\/\/escuelalibrejardindelsol.cl\/?page_id=15342"},"modified":"2025-07-30T23:51:18","modified_gmt":"2025-07-30T23:51:18","slug":"artes-integradas-tea","status":"publish","type":"page","link":"https:\/\/escuelalibrejardindelsol.cl\/pt\/artes-integradas-tea\/","title":{"rendered":"Artes integradas TEA"},"content":{"rendered":"<h3 style=\"text-align: center;\" data-start=\"218\" data-end=\"246\"><strong data-start=\"218\" data-end=\"246\"><strong style=\"font-size: 16px;\" data-start=\"218\" data-end=\"246\"><strong data-start=\"330\" data-end=\"354\"><img loading=\"lazy\" decoding=\"async\" class=\"alignnone wp-image-15550\" src=\"https:\/\/escuelalibrejardindelsol.cl\/wp-content\/uploads\/2025\/07\/Collage-de-Fotos-Horizontal-Feliz-Dia-de-la-Madre-Divertido-Rosa-300x240.jpg\" alt=\"\" width=\"490\" height=\"392\" srcset=\"https:\/\/escuelalibrejardindelsol.cl\/wp-content\/uploads\/2025\/07\/Collage-de-Fotos-Horizontal-Feliz-Dia-de-la-Madre-Divertido-Rosa-300x240.jpg 300w, https:\/\/escuelalibrejardindelsol.cl\/wp-content\/uploads\/2025\/07\/Collage-de-Fotos-Horizontal-Feliz-Dia-de-la-Madre-Divertido-Rosa-1024x819.jpg 1024w, https:\/\/escuelalibrejardindelsol.cl\/wp-content\/uploads\/2025\/07\/Collage-de-Fotos-Horizontal-Feliz-Dia-de-la-Madre-Divertido-Rosa-768x614.jpg 768w, https:\/\/escuelalibrejardindelsol.cl\/wp-content\/uploads\/2025\/07\/Collage-de-Fotos-Horizontal-Feliz-Dia-de-la-Madre-Divertido-Rosa-100x80.jpg 100w, https:\/\/escuelalibrejardindelsol.cl\/wp-content\/uploads\/2025\/07\/Collage-de-Fotos-Horizontal-Feliz-Dia-de-la-Madre-Divertido-Rosa-1536x1229.jpg 1536w, https:\/\/escuelalibrejardindelsol.cl\/wp-content\/uploads\/2025\/07\/Collage-de-Fotos-Horizontal-Feliz-Dia-de-la-Madre-Divertido-Rosa-2048x1638.jpg 2048w, https:\/\/escuelalibrejardindelsol.cl\/wp-content\/uploads\/2025\/07\/Collage-de-Fotos-Horizontal-Feliz-Dia-de-la-Madre-Divertido-Rosa-15x12.jpg 15w, https:\/\/escuelalibrejardindelsol.cl\/wp-content\/uploads\/2025\/07\/Collage-de-Fotos-Horizontal-Feliz-Dia-de-la-Madre-Divertido-Rosa-600x480.jpg 600w\" sizes=\"auto, (max-width: 490px) 100vw, 490px\" \/><\/strong><\/strong><\/strong><\/h3>\n<h3 style=\"text-align: center;\" data-start=\"218\" data-end=\"246\"><strong data-start=\"218\" data-end=\"246\">\u2728 Bienvenidas Familias \u2728<\/strong><\/h3>\n<p>&nbsp;<\/p>\n<p data-start=\"248\" data-end=\"505\">Con mucha alegr\u00eda les damos la bienvenida a este espacio amoroso y seguro llamado <strong data-start=\"330\" data-end=\"354\">Artes Integradas TEA<\/strong>, donde ni\u00f1os y ni\u00f1as con Condici\u00f3n del Espectro Autista son protagonistas de una experiencia art\u00edstica pensada con cari\u00f1o, respeto y creatividad. \ud83c\udf08\ud83d\udc9b<\/p>\n<p data-start=\"507\" data-end=\"723\">Este programa ha sido dise\u00f1ado para acompa\u00f1ar a cada ni\u00f1@ en su expresi\u00f3n, desarrollo y bienestar, a trav\u00e9s de una propuesta art\u00edstica sensible y personalizada, que se construye paso a paso con ustedes, sus familias.<\/p>\n<p data-start=\"725\" data-end=\"788\"><strong data-start=\"725\" data-end=\"788\">La experiencia se desarrolla en dos etapas complementarias:<\/strong><\/p>\n<ol data-start=\"790\" data-end=\"1404\">\n<li data-start=\"790\" data-end=\"1119\">\n<p data-start=\"793\" data-end=\"1119\"><strong data-start=\"793\" data-end=\"828\">V\u00cdNCULO (Trabajo Personalizado)<\/strong><br data-start=\"828\" data-end=\"831\" \/>En esta primera etapa nos enfocamos en conocer a cada ni\u00f1o y ni\u00f1a en su individualidad. A trav\u00e9s de actividades uno a uno, vamos generando un espacio de confianza donde puedan explorar libremente el arte y sus emociones. Aqu\u00ed construimos el lazo fundamental que guiar\u00e1 todo el proceso.<\/p>\n<\/li>\n<li data-start=\"1121\" data-end=\"1404\">\n<p data-start=\"1124\" data-end=\"1404\"><strong data-start=\"1124\" data-end=\"1162\">TRABAJO COLECTIVO (Trabajo Grupal)<\/strong><br data-start=\"1162\" data-end=\"1165\" \/>Luego, en la medida que cada ni\u00f1@ se sienta seguro, pasamos a actividades en peque\u00f1o grupo. Este trabajo fomenta la colaboraci\u00f3n, la empat\u00eda y el respeto mutuo, en un entorno contenido, con ritmos flexibles y adaptados a cada necesidad.<\/p>\n<\/li>\n<\/ol>\n<p data-start=\"1406\" data-end=\"1666\">Para comenzar, <strong data-start=\"1421\" data-end=\"1460\">les pedimos completar un formulario<\/strong> donde puedan contarnos m\u00e1s sobre su hijo o hija: sus intereses, sus formas de comunicarse, lo que le gusta, lo que le ayuda, y lo que debemos tener en cuenta para acompa\u00f1arle de la mejor manera posible. \ud83d\udc8c<\/p>\n<p data-start=\"1668\" data-end=\"1826\">Gracias por confiar en este espacio. Nos sentimos honrados de caminar junto a ustedes, tejiendo una comunidad donde el arte es puente, lenguaje y abrazo. \ud83c\udfa8\ud83e\udec2<\/p>\n<p style=\"text-align: center;\" data-start=\"1668\" data-end=\"1826\">Para mayor informaci\u00f3n y ser parte, ingresa y completa el siguiente formulario:<\/p>\n<p data-start=\"1668\" data-end=\"1826\"><a href=\"https:\/\/forms.gle\/iE6FvQNGdChN1jnf9\"><img loading=\"lazy\" decoding=\"async\" class=\"size-medium wp-image-15449 aligncenter\" src=\"https:\/\/escuelalibrejardindelsol.cl\/wp-content\/uploads\/2025\/07\/FORMULARIO-1-300x129.png\" alt=\"\" width=\"300\" height=\"129\" srcset=\"https:\/\/escuelalibrejardindelsol.cl\/wp-content\/uploads\/2025\/07\/FORMULARIO-1-300x129.png 300w, https:\/\/escuelalibrejardindelsol.cl\/wp-content\/uploads\/2025\/07\/FORMULARIO-1-100x43.png 100w, https:\/\/escuelalibrejardindelsol.cl\/wp-content\/uploads\/2025\/07\/FORMULARIO-1-18x8.png 18w, https:\/\/escuelalibrejardindelsol.cl\/wp-content\/uploads\/2025\/07\/FORMULARIO-1.png 472w\" sizes=\"auto, (max-width: 300px) 100vw, 300px\" \/><\/a><\/p>\n<p>&nbsp;<\/p>\n<p style=\"text-align: center;\" data-start=\"1828\" data-end=\"1878\">Con cari\u00f1o,<br data-start=\"1839\" data-end=\"1842\" \/><strong data-start=\"1842\" data-end=\"1876\">Equipo de JDS<\/strong><\/p>","protected":false},"excerpt":{"rendered":"<p>\u2728 Bienvenidas Familias \u2728 &nbsp; Con mucha alegr\u00eda les damos la bienvenida a este espacio amoroso y seguro llamado Artes Integradas TEA, donde ni\u00f1os y ni\u00f1as con Condici\u00f3n del Espectro Autista son protagonistas de una experiencia art\u00edstica pensada con cari\u00f1o, respeto y creatividad. \ud83c\udf08\ud83d\udc9b Este programa ha sido dise\u00f1ado para acompa\u00f1ar a cada ni\u00f1@ en <a href=\"https:\/\/escuelalibrejardindelsol.cl\/pt\/artes-integradas-tea\/\" rel=\"nofollow\"><span class=\"sr-only\">Read more about Artes integradas TEA<\/span>[&hellip;]<\/a><\/p>\n","protected":false},"author":1,"featured_media":0,"parent":0,"menu_order":0,"comment_status":"closed","ping_status":"closed","template":"","meta":{"footnotes":""},"class_list":["post-15342","page","type-page","status-publish","hentry"],"_links":{"self":[{"href":"https:\/\/escuelalibrejardindelsol.cl\/pt\/wp-json\/wp\/v2\/pages\/15342","targetHints":{"allow":["GET"]}}],"collection":[{"href":"https:\/\/escuelalibrejardindelsol.cl\/pt\/wp-json\/wp\/v2\/pages"}],"about":[{"href":"https:\/\/escuelalibrejardindelsol.cl\/pt\/wp-json\/wp\/v2\/types\/page"}],"author":[{"embeddable":true,"href":"https:\/\/escuelalibrejardindelsol.cl\/pt\/wp-json\/wp\/v2\/users\/1"}],"replies":[{"embeddable":true,"href":"https:\/\/escuelalibrejardindelsol.cl\/pt\/wp-json\/wp\/v2\/comments?post=15342"}],"version-history":[{"count":7,"href":"https:\/\/escuelalibrejardindelsol.cl\/pt\/wp-json\/wp\/v2\/pages\/15342\/revisions"}],"predecessor-version":[{"id":15551,"href":"https:\/\/escuelalibrejardindelsol.cl\/pt\/wp-json\/wp\/v2\/pages\/15342\/revisions\/15551"}],"wp:attachment":[{"href":"https:\/\/escuelalibrejardindelsol.cl\/pt\/wp-json\/wp\/v2\/media?parent=15342"}],"curies":[{"name":"wp","href":"https:\/\/api.w.org\/{rel}","templated":true}]}}