{"id":15305,"date":"2024-08-08T18:19:23","date_gmt":"2024-08-08T18:19:23","guid":{"rendered":"https:\/\/escuelalibrejardindelsol.cl\/?page_id=15305"},"modified":"2025-10-19T20:57:15","modified_gmt":"2025-10-19T20:57:15","slug":"fundacion-desarrollo","status":"publish","type":"page","link":"https:\/\/escuelalibrejardindelsol.cl\/pt\/fundacion-desarrollo\/","title":{"rendered":"Fundaci\u00f3n Desarrollo"},"content":{"rendered":"<p><img loading=\"lazy\" decoding=\"async\" class=\"size-medium wp-image-15639 aligncenter\" src=\"https:\/\/escuelalibrejardindelsol.cl\/wp-content\/uploads\/2025\/10\/LOGO-FUNDACION-270x300.png\" alt=\"\" width=\"270\" height=\"300\" srcset=\"https:\/\/escuelalibrejardindelsol.cl\/wp-content\/uploads\/2025\/10\/LOGO-FUNDACION-270x300.png 270w, https:\/\/escuelalibrejardindelsol.cl\/wp-content\/uploads\/2025\/10\/LOGO-FUNDACION-923x1024.png 923w, https:\/\/escuelalibrejardindelsol.cl\/wp-content\/uploads\/2025\/10\/LOGO-FUNDACION-768x852.png 768w, https:\/\/escuelalibrejardindelsol.cl\/wp-content\/uploads\/2025\/10\/LOGO-FUNDACION-90x100.png 90w, https:\/\/escuelalibrejardindelsol.cl\/wp-content\/uploads\/2025\/10\/LOGO-FUNDACION-11x12.png 11w, https:\/\/escuelalibrejardindelsol.cl\/wp-content\/uploads\/2025\/10\/LOGO-FUNDACION-600x666.png 600w, https:\/\/escuelalibrejardindelsol.cl\/wp-content\/uploads\/2025\/10\/LOGO-FUNDACION.png 1000w\" sizes=\"auto, (max-width: 270px) 100vw, 270px\" \/><\/p>\n<p style=\"text-align: left;\" data-start=\"223\" data-end=\"651\">\u00a0 \u00a0 \u00a0 \u00a0 \u00a0 \u00a0Somos es una organizaci\u00f3n sin fines de lucro dedicada a promover el crecimiento integral de las personas y comunidades a trav\u00e9s de programas educativos, culturales, sociales y medioambientales. Nuestro prop\u00f3sito es generar oportunidades de aprendizaje, participaci\u00f3n y transformaci\u00f3n que permitan a ni\u00f1@s, j\u00f3venes y adult@s acceder a herramientas para mejorar su calidad de vida y fortalecer el tejido social.<\/p>\n<p data-start=\"653\" data-end=\"682\">\u00a0 \u00a0 \u00a0 Nuestra labor se centra en:<\/p>\n<ul data-start=\"683\" data-end=\"1101\">\n<li data-start=\"683\" data-end=\"776\">\n<p data-start=\"685\" data-end=\"776\"><strong data-start=\"685\" data-end=\"713\">Educaci\u00f3n y capacitaci\u00f3n<\/strong>: creaci\u00f3n de instancias formativas innovadoras y accesibles, con metodolog\u00edas modernas.<\/p>\n<\/li>\n<li data-start=\"777\" data-end=\"869\">\n<p data-start=\"779\" data-end=\"869\"><strong data-start=\"779\" data-end=\"797\">Cultura y arte<\/strong>: fomento de la creatividad como motor de identidad y cohesi\u00f3n social, promoviendo el juego como canal de aprendizaje.<\/p>\n<\/li>\n<li data-start=\"870\" data-end=\"992\">\n<p data-start=\"872\" data-end=\"992\"><strong data-start=\"872\" data-end=\"898\">Desarrollo comunitario<\/strong>: fortalecimiento de redes de colaboraci\u00f3n entre organizaciones, instituciones y ciudadan\u00eda.<\/p>\n<\/li>\n<li data-start=\"993\" data-end=\"1101\">\n<p data-start=\"995\" data-end=\"1101\"><strong data-start=\"995\" data-end=\"1014\">Sustentabilidad<\/strong>: promoci\u00f3n de pr\u00e1cticas responsables con el medioambiente y la conciencia ecol\u00f3gica.<\/p>\n<\/li>\n<\/ul>\n<p data-start=\"1103\" data-end=\"1299\">\u00a0 \u00a0 \u00a0 \u00a0Con una visi\u00f3n inclusiva y solidaria, impulsamos proyectos que buscan abrir caminos hacia un futuro m\u00e1s justo, participativo y sostenible, aportando al desarrollo humano y territorial.<\/p>\n<p data-start=\"538\" data-end=\"583\">\u00a0 \u00a0 \u00a0 \u00a0 Entre nuestras principales iniciativas destacan:<\/p>\n<ul data-start=\"584\" data-end=\"1236\">\n<li data-start=\"584\" data-end=\"731\">\n<p data-start=\"586\" data-end=\"731\"><strong data-start=\"586\" data-end=\"647\">Programa educativo Escuela Art\u00edstica Libre Jard\u00edn del Sol<\/strong>, un espacio formativo integral que combina educaci\u00f3n, arte y desarrollo personal, por medio del juego y la alegr\u00eda.<\/p>\n<\/li>\n<li data-start=\"732\" data-end=\"913\">\n<p data-start=\"734\" data-end=\"913\"><strong data-start=\"734\" data-end=\"775\">Talleres art\u00edsticos para la comunidad<\/strong>, que acercan la m\u00fasica, la danza, el teatro y las artes visuales a ni\u00f1@s, j\u00f3venes y adult@s, fortaleciendo la identidad cultural local con una metodolog\u00eda \u00fanica y moderna.<\/p>\n<\/li>\n<li data-start=\"914\" data-end=\"1064\">\n<p data-start=\"916\" data-end=\"1064\"><strong data-start=\"916\" data-end=\"963\">Talleres de tecnolog\u00eda para adult@s mayores<\/strong>, pensados para disminuir la brecha digital, fomentar la autonom\u00eda y facilitar la inclusi\u00f3n social.<\/p>\n<\/li>\n<li data-start=\"1065\" data-end=\"1236\">\n<p data-start=\"1067\" data-end=\"1236\"><strong data-start=\"1067\" data-end=\"1125\">Capacitaciones a empresas y organismos gubernamentales<\/strong>, enfocadas en el desarrollo de habilidades blandas, liderazgo, trabajo en equipo y bienestar organizacional, como t\u00e9cnicas con distintas especialidades, vinculando el arte y el juego en el proceso de formaci\u00f3n.<\/p>\n<\/li>\n<li><strong data-start=\"1067\" data-end=\"1125\">Producci\u00f3n de eventos culturales de promoci\u00f3n del arte, cultura y educaci\u00f3n<\/strong>, creando espacios y actividades de alto impacto en las distintas comunidades.<\/li>\n<\/ul>\n<p data-start=\"1238\" data-end=\"1503\">\u00a0 \u00a0 \u00a0 \u00a0 \u00a0 Con una visi\u00f3n inclusiva y colaborativa, trabajamos en red con organizaciones sociales, instituciones educativas y entidades p\u00fablicas y privadas, educadores y profesionales de los distintos rubros, buscando generar un cambio sostenible que potencie la creatividad, la participaci\u00f3n y el desarrollo human@.<\/p>\n<p style=\"text-align: center;\" data-start=\"1238\" data-end=\"1503\">Te invitamos a descargar nuestra presentaci\u00f3n completa:<a href=\"https:\/\/drive.google.com\/file\/d\/1dTnLCz1Xyr022X5PBOprpuAziJHd12eY\/view?usp=sharing\"><img loading=\"lazy\" decoding=\"async\" class=\"wp-image-15692 aligncenter\" src=\"https:\/\/escuelalibrejardindelsol.cl\/wp-content\/uploads\/2025\/10\/botones-6-1-300x129.png\" alt=\"\" width=\"203\" height=\"87\" srcset=\"https:\/\/escuelalibrejardindelsol.cl\/wp-content\/uploads\/2025\/10\/botones-6-1-300x129.png 300w, https:\/\/escuelalibrejardindelsol.cl\/wp-content\/uploads\/2025\/10\/botones-6-1-100x43.png 100w, https:\/\/escuelalibrejardindelsol.cl\/wp-content\/uploads\/2025\/10\/botones-6-1-18x8.png 18w, https:\/\/escuelalibrejardindelsol.cl\/wp-content\/uploads\/2025\/10\/botones-6-1.png 472w\" sizes=\"auto, (max-width: 203px) 100vw, 203px\" \/><\/a><\/p>\n<p data-start=\"1238\" data-end=\"1503\"><img loading=\"lazy\" decoding=\"async\" class=\"size-medium wp-image-15690 aligncenter\" src=\"https:\/\/escuelalibrejardindelsol.cl\/wp-content\/uploads\/2025\/10\/timbre-300x300.png\" alt=\"\" width=\"300\" height=\"300\" srcset=\"https:\/\/escuelalibrejardindelsol.cl\/wp-content\/uploads\/2025\/10\/timbre-300x300.png 300w, https:\/\/escuelalibrejardindelsol.cl\/wp-content\/uploads\/2025\/10\/timbre-150x150.png 150w, https:\/\/escuelalibrejardindelsol.cl\/wp-content\/uploads\/2025\/10\/timbre-768x768.png 768w, https:\/\/escuelalibrejardindelsol.cl\/wp-content\/uploads\/2025\/10\/timbre-100x100.png 100w, https:\/\/escuelalibrejardindelsol.cl\/wp-content\/uploads\/2025\/10\/timbre-12x12.png 12w, https:\/\/escuelalibrejardindelsol.cl\/wp-content\/uploads\/2025\/10\/timbre-250x250.png 250w, https:\/\/escuelalibrejardindelsol.cl\/wp-content\/uploads\/2025\/10\/timbre-174x174.png 174w, https:\/\/escuelalibrejardindelsol.cl\/wp-content\/uploads\/2025\/10\/timbre-600x600.png 600w, https:\/\/escuelalibrejardindelsol.cl\/wp-content\/uploads\/2025\/10\/timbre.png 1000w\" sizes=\"auto, (max-width: 300px) 100vw, 300px\" \/><\/p>","protected":false},"excerpt":{"rendered":"<p>\u00a0 \u00a0 \u00a0 \u00a0 \u00a0 \u00a0Somos es una organizaci\u00f3n sin fines de lucro dedicada a promover el crecimiento integral de las personas y comunidades a trav\u00e9s de programas educativos, culturales, sociales y medioambientales. Nuestro prop\u00f3sito es generar oportunidades de aprendizaje, participaci\u00f3n y transformaci\u00f3n que permitan a ni\u00f1@s, j\u00f3venes y adult@s acceder a herramientas para mejorar <a href=\"https:\/\/escuelalibrejardindelsol.cl\/pt\/fundacion-desarrollo\/\" rel=\"nofollow\"><span class=\"sr-only\">Read more about Fundaci\u00f3n Desarrollo<\/span>[&hellip;]<\/a><\/p>\n","protected":false},"author":1,"featured_media":0,"parent":0,"menu_order":0,"comment_status":"closed","ping_status":"closed","template":"","meta":{"footnotes":""},"class_list":["post-15305","page","type-page","status-publish","hentry"],"_links":{"self":[{"href":"https:\/\/escuelalibrejardindelsol.cl\/pt\/wp-json\/wp\/v2\/pages\/15305","targetHints":{"allow":["GET"]}}],"collection":[{"href":"https:\/\/escuelalibrejardindelsol.cl\/pt\/wp-json\/wp\/v2\/pages"}],"about":[{"href":"https:\/\/escuelalibrejardindelsol.cl\/pt\/wp-json\/wp\/v2\/types\/page"}],"author":[{"embeddable":true,"href":"https:\/\/escuelalibrejardindelsol.cl\/pt\/wp-json\/wp\/v2\/users\/1"}],"replies":[{"embeddable":true,"href":"https:\/\/escuelalibrejardindelsol.cl\/pt\/wp-json\/wp\/v2\/comments?post=15305"}],"version-history":[{"count":10,"href":"https:\/\/escuelalibrejardindelsol.cl\/pt\/wp-json\/wp\/v2\/pages\/15305\/revisions"}],"predecessor-version":[{"id":15693,"href":"https:\/\/escuelalibrejardindelsol.cl\/pt\/wp-json\/wp\/v2\/pages\/15305\/revisions\/15693"}],"wp:attachment":[{"href":"https:\/\/escuelalibrejardindelsol.cl\/pt\/wp-json\/wp\/v2\/media?parent=15305"}],"curies":[{"name":"wp","href":"https:\/\/api.w.org\/{rel}","templated":true}]}}