{"id":4153,"date":"2020-09-21T17:20:23","date_gmt":"2020-09-21T17:20:23","guid":{"rendered":"https:\/\/escuelalibrejardindelsol.cl\/?post_type=course&#038;p=4153"},"modified":"2020-09-21T17:20:23","modified_gmt":"2020-09-21T17:20:23","slug":"naturaleza-leccion-9-estaciones-del-ano-la-primavera","status":"publish","type":"course","link":"https:\/\/escuelalibrejardindelsol.cl\/pt\/curso\/naturaleza-leccion-9-estaciones-del-ano-la-primavera\/","title":{"rendered":"Naturaleza Lecci\u00f3n 9: Estaciones del a\u00f1o ( La primavera)"},"content":{"rendered":"<p>&nbsp;<\/p>\n<p>&nbsp;<\/p>\n<p><strong>\u00c1mbito<\/strong>: Interacci\u00f3n y comprensi\u00f3n del entorno<\/p>\n<p><strong>N\u00facleo<\/strong>: Exploraci\u00f3n del entorno\u00a0 natural<\/p>\n<p><strong>Aprendizaje esperado:<\/strong> Manifestar inter\u00e9s y asombro al ampliar informaci\u00f3n sobre el cambio que ocurre en el entorno , a las personas, animales, plantas, utilizando diversas fuentes de procedimientos.<\/p>\n<p>&nbsp;<\/p>\n<ul>\n<li><b>Ve los siguientes los v\u00eddeos:<\/b><\/li>\n<\/ul>\n<p><iframe loading=\"lazy\" title=\"LAS  ESTACIONES DEL A\u00d1O - LA PRIMAVERA - VIDEOS PARA NI\u00d1OS - MATERIAL DID\u00c1CTICO\" width=\"640\" height=\"480\" src=\"https:\/\/www.youtube.com\/embed\/EgUT6vfeR_E?feature=oembed&#038;enablejsapi=1&#038;origin=https:\/\/escuelalibrejardindelsol.cl\/pt\" frameborder=\"0\" allow=\"accelerometer; autoplay; clipboard-write; encrypted-media; gyroscope; picture-in-picture; web-share\" referrerpolicy=\"strict-origin-when-cross-origin\" allowfullscreen><\/iframe><\/p>\n<p>&nbsp;<\/p>\n<p><iframe loading=\"lazy\" title=\"Que divertido es aprender con la Primavera \/estaci\u00f3n\/ni\u00f1os\/educaci\u00f3n\/flores\/animales\/naturaleza\" width=\"640\" height=\"360\" src=\"https:\/\/www.youtube.com\/embed\/E_j2Ps4WfHc?feature=oembed&#038;enablejsapi=1&#038;origin=https:\/\/escuelalibrejardindelsol.cl\/pt\" frameborder=\"0\" allow=\"accelerometer; autoplay; clipboard-write; encrypted-media; gyroscope; picture-in-picture; web-share\" referrerpolicy=\"strict-origin-when-cross-origin\" allowfullscreen><\/iframe><\/p>\n<p><iframe loading=\"lazy\" title=\"LA MARIQUITA   (Cuento de Primavera)\" width=\"640\" height=\"480\" src=\"https:\/\/www.youtube.com\/embed\/LoL4qFHF8JY?feature=oembed&#038;enablejsapi=1&#038;origin=https:\/\/escuelalibrejardindelsol.cl\/pt\" frameborder=\"0\" allow=\"accelerometer; autoplay; clipboard-write; encrypted-media; gyroscope; picture-in-picture; web-share\" referrerpolicy=\"strict-origin-when-cross-origin\" allowfullscreen><\/iframe><\/p>\n<p><iframe loading=\"lazy\" title=\"Cuento infantil primavera - La primavera esta aqui-\" width=\"640\" height=\"360\" src=\"https:\/\/www.youtube.com\/embed\/rNZEgUOkFVA?feature=oembed&#038;enablejsapi=1&#038;origin=https:\/\/escuelalibrejardindelsol.cl\/pt\" frameborder=\"0\" allow=\"accelerometer; autoplay; clipboard-write; encrypted-media; gyroscope; picture-in-picture; web-share\" referrerpolicy=\"strict-origin-when-cross-origin\" allowfullscreen><\/iframe><\/p>\n<p>&nbsp;<\/p>\n<ul>\n<li><strong>Juguemos:<\/strong><\/li>\n<\/ul>\n<p><strong>Entra a los siguientes enlaces:\u00a0<\/strong><\/p>\n<blockquote class=\"wp-embedded-content\" data-secret=\"t4Qppcpv7f\"><p><a href=\"https:\/\/www.cokitos.com\/tres-en-linea-de-primavera\/\">Tres en L\u00ednea de Primavera<\/a><\/p><\/blockquote>\n<p><iframe loading=\"lazy\" class=\"wp-embedded-content\" sandbox=\"allow-scripts\" security=\"restricted\" style=\"position: absolute; visibility: hidden;\" title=\"\u00abTres en L\u00ednea de Primavera\u00bb \u2014 COKITOS\" src=\"https:\/\/www.cokitos.com\/tres-en-linea-de-primavera\/embed\/#?secret=5gYaGOBkSK#?secret=t4Qppcpv7f\" data-secret=\"t4Qppcpv7f\" width=\"600\" height=\"338\" frameborder=\"0\" marginwidth=\"0\" marginheight=\"0\" scrolling=\"no\"><\/iframe><\/p>\n<blockquote class=\"wp-embedded-content\" data-secret=\"ifiC4dkeNv\"><p><a href=\"https:\/\/www.cokitos.com\/puzzle-vertical-de-primavera\/\">Puzzle Vertical de Primavera<\/a><\/p><\/blockquote>\n<p><iframe loading=\"lazy\" class=\"wp-embedded-content\" sandbox=\"allow-scripts\" security=\"restricted\" style=\"position: absolute; visibility: hidden;\" title=\"\u00abPuzzle Vertical de Primavera\u00bb \u2014 COKITOS\" src=\"https:\/\/www.cokitos.com\/puzzle-vertical-de-primavera\/embed\/#?secret=GyVmT5Byd5#?secret=ifiC4dkeNv\" data-secret=\"ifiC4dkeNv\" width=\"600\" height=\"338\" frameborder=\"0\" marginwidth=\"0\" marginheight=\"0\" scrolling=\"no\"><\/iframe><\/p>\n<blockquote class=\"wp-embedded-content\" data-secret=\"xdtFy3Gmg5\"><p><a href=\"https:\/\/www.cokitos.com\/encajar-piezas-en-primavera\/\">Encajar Piezas en Primavera<\/a><\/p><\/blockquote>\n<p><iframe loading=\"lazy\" class=\"wp-embedded-content\" sandbox=\"allow-scripts\" security=\"restricted\" style=\"position: absolute; visibility: hidden;\" title=\"\u00abEncajar Piezas en Primavera\u00bb \u2014 COKITOS\" src=\"https:\/\/www.cokitos.com\/encajar-piezas-en-primavera\/embed\/#?secret=Jc9krPsz2Z#?secret=xdtFy3Gmg5\" data-secret=\"xdtFy3Gmg5\" width=\"600\" height=\"338\" frameborder=\"0\" marginwidth=\"0\" marginheight=\"0\" scrolling=\"no\"><\/iframe><\/p>\n<blockquote>\n<ul>\n<li><strong>Hacer las siguientes actividades:<\/strong><\/li>\n<\/ul>\n<p><strong>Gu\u00eda 1: <a href=\"https:\/\/escuelalibrejardindelsol.cl\/wp-content\/uploads\/2020\/09\/Primavera.pdf\">Primavera<\/a><\/strong><\/p>\n<p><b>Gu\u00eda 2: <a href=\"https:\/\/escuelalibrejardindelsol.cl\/wp-content\/uploads\/2020\/09\/Primavera-1.pdf\">Primavera 1<\/a><\/b><\/p>\n<p><strong>Gu\u00eda 3: <a href=\"https:\/\/escuelalibrejardindelsol.cl\/wp-content\/uploads\/2020\/09\/Primavera-2.pdf\">Primavera 2<\/a><\/strong><\/p><\/blockquote>","protected":false},"excerpt":{"rendered":"<p>&nbsp; &nbsp; \u00c1mbito: Interacci\u00f3n y comprensi\u00f3n del entorno N\u00facleo: Exploraci\u00f3n del entorno\u00a0 natural Aprendizaje esperado: Manifestar inter\u00e9s y asombro al ampliar informaci\u00f3n sobre el cambio que ocurre en el entorno , a las personas, animales, plantas, utilizando diversas fuentes de procedimientos. &nbsp; Ve los siguientes los v\u00eddeos: &nbsp; &nbsp; Juguemos: Entra a los siguientes enlaces:\u00a0 <a href=\"https:\/\/escuelalibrejardindelsol.cl\/pt\/curso\/naturaleza-leccion-9-estaciones-del-ano-la-primavera\/\" rel=\"nofollow\"><span class=\"sr-only\">Read more about Naturaleza Lecci\u00f3n 9: Estaciones del a\u00f1o ( La primavera)<\/span>[&hellip;]<\/a><\/p>\n","protected":false},"author":1,"featured_media":0,"template":"","meta":{"_course_prerequisite":159,"_course_featured":"","_sensei_self_enrollment_not_allowed":false,"disable_notification":false,"_open_access":false,"sensei_course_publish_lessons":true,"_course_theme":"wordpress-theme","sensei_course_video_autocomplete":false,"sensei_course_video_autopause":false,"sensei_course_video_required":false,"footnotes":""},"course-category":[18],"class_list":["post-4153","course","type-course","status-publish","hentry","course-category-pre-basica","module-naturaleza","post"],"_links":{"self":[{"href":"https:\/\/escuelalibrejardindelsol.cl\/pt\/wp-json\/wp\/v2\/courses\/4153","targetHints":{"allow":["GET"]}}],"collection":[{"href":"https:\/\/escuelalibrejardindelsol.cl\/pt\/wp-json\/wp\/v2\/courses"}],"about":[{"href":"https:\/\/escuelalibrejardindelsol.cl\/pt\/wp-json\/wp\/v2\/types\/course"}],"author":[{"embeddable":true,"href":"https:\/\/escuelalibrejardindelsol.cl\/pt\/wp-json\/wp\/v2\/users\/1"}],"version-history":[{"count":5,"href":"https:\/\/escuelalibrejardindelsol.cl\/pt\/wp-json\/wp\/v2\/courses\/4153\/revisions"}],"predecessor-version":[{"id":4161,"href":"https:\/\/escuelalibrejardindelsol.cl\/pt\/wp-json\/wp\/v2\/courses\/4153\/revisions\/4161"}],"wp:attachment":[{"href":"https:\/\/escuelalibrejardindelsol.cl\/pt\/wp-json\/wp\/v2\/media?parent=4153"}],"wp:term":[{"taxonomy":"course-category","embeddable":true,"href":"https:\/\/escuelalibrejardindelsol.cl\/pt\/wp-json\/wp\/v2\/course-category?post=4153"}],"curies":[{"name":"wp","href":"https:\/\/api.w.org\/{rel}","templated":true}]}}